{"version":"1.0","provider_name":"Sagrinex \u2013 Anhaenger, Container &amp; Landtechnik \ud83c\udf3e\ud83d\ude9c","provider_url":"https:\/\/sagrinex.com\/de\/","author_name":"SupportAdmin","author_url":"https:\/\/sagrinex.com\/de\/author\/guab\/","title":"20-Fu\u00df-Lagercontainer mit sektionaler Garagentor\u00f6ffnung","type":"rich","width":600,"height":338,"html":"<blockquote class=\"wp-embedded-content\" data-secret=\"R5FyOORNB8\"><a href=\"https:\/\/sagrinex.com\/de\/produit\/20-fuss-lagercontainer-mit-sektionaler-garagentoroeffnung\/\">20-fu\u00df-lagercontainer mit Sektionaler Garagentor\u00f6ffnung<\/a><\/blockquote><iframe sandbox=\"allow-scripts\" security=\"restricted\" src=\"https:\/\/sagrinex.com\/de\/produit\/20-fuss-lagercontainer-mit-sektionaler-garagentoroeffnung\/embed\/#?secret=R5FyOORNB8\" width=\"600\" height=\"338\" title=\"&#8222;20-fu\u00df-lagercontainer mit Sektionaler Garagentor\u00f6ffnung&#8220; &#8211; Sagrinex \u2013 Anhaenger, Container &amp; Landtechnik \ud83c\udf3e\ud83d\ude9c\" data-secret=\"R5FyOORNB8\" frameborder=\"0\" marginwidth=\"0\" marginheight=\"0\" scrolling=\"no\" class=\"wp-embedded-content\"><\/iframe><script type=\"text\/javascript\">\n\/* <![CDATA[ *\/\n\/*! This file is auto-generated *\/\n!function(d,l){\"use strict\";l.querySelector&&d.addEventListener&&\"undefined\"!=typeof URL&&(d.wp=d.wp||{},d.wp.receiveEmbedMessage||(d.wp.receiveEmbedMessage=function(e){var t=e.data;if((t||t.secret||t.message||t.value)&&!\/[^a-zA-Z0-9]\/.test(t.secret)){for(var s,r,n,a=l.querySelectorAll('iframe[data-secret=\"'+t.secret+'\"]'),o=l.querySelectorAll('blockquote[data-secret=\"'+t.secret+'\"]'),c=new RegExp(\"^https?:$\",\"i\"),i=0;i<o.length;i++)o[i].style.display=\"none\";for(i=0;i<a.length;i++)s=a[i],e.source===s.contentWindow&&(s.removeAttribute(\"style\"),\"height\"===t.message?(1e3<(r=parseInt(t.value,10))?r=1e3:~~r<200&&(r=200),s.height=r):\"link\"===t.message&&(r=new URL(s.getAttribute(\"src\")),n=new URL(t.value),c.test(n.protocol))&&n.host===r.host&&l.activeElement===s&&(d.top.location.href=t.value))}},d.addEventListener(\"message\",d.wp.receiveEmbedMessage,!1),l.addEventListener(\"DOMContentLoaded\",function(){for(var e,t,s=l.querySelectorAll(\"iframe.wp-embedded-content\"),r=0;r<s.length;r++)(t=(e=s[r]).getAttribute(\"data-secret\"))||(t=Math.random().toString(36).substring(2,12),e.src+=\"#?secret=\"+t,e.setAttribute(\"data-secret\",t)),e.contentWindow.postMessage({message:\"ready\",secret:t},\"*\")},!1)))}(window,document);\n\/\/# sourceURL=https:\/\/sagrinex.com\/wp-includes\/js\/wp-embed.min.js\n\/* ]]> *\/\n<\/script>\n","thumbnail_url":"https:\/\/sagrinex.com\/wp-content\/uploads\/2026\/03\/Image-170-2.jpeg","thumbnail_width":1536,"thumbnail_height":1024,"description":"Dieser Lagercontainer ist eine praktische und kosteng\u00fcnstige L\u00f6sung f\u00fcr die vor\u00fcbergehende Lagerung und den Transport von Materialien und Ger\u00e4ten. Es ist f\u00fcr eine Vielzahl unterschiedlicher Verwendungszwecke konzipiert und kann im Innen- und Au\u00dfenbereich aufgestellt werden. Dieser Lagerbeh\u00e4ltertyp kann sowohl f\u00fcr die kurzfristige als auch f\u00fcr die langfristige Lagerung verwendet werden."}