{"id":14217,"date":"2026-03-15T13:59:44","date_gmt":"2026-03-15T13:59:44","guid":{"rendered":"https:\/\/sagrinex.com\/produit\/neuer-8-fuss-lagercontainer\/"},"modified":"2026-04-15T21:12:15","modified_gmt":"2026-04-15T21:12:15","slug":"neuer-8-fuss-lagercontainer","status":"publish","type":"product","link":"https:\/\/sagrinex.com\/de\/produit\/neuer-8-fuss-lagercontainer\/","title":{"rendered":"Neuer 8-fu\u00df-lagercontainer"},"content":{"rendered":"<h1 data-start=\"163\" data-end=\"240\"><strong data-start=\"169\" data-end=\"240\">Lagercontainer 2,4 m (Kompaktmodell RAL 9010)<\/strong><\/h1>\n<p data-start=\"242\" data-end=\"544\">Dieser kompakte Aufbewahrungsbeh\u00e4lter ist die ideale L\u00f6sung zur effektiven Sicherung Ihrer Ausr\u00fcstung, Werkzeuge oder Habseligkeiten bei minimalem Platzbedarf. Robust, praktisch und leicht zu bewegen, passt es sich perfekt an Baustellen, Betriebsh\u00f6fe, Industriegebiete und private Nutzungen an.<\/p>\n<p data-start=\"546\" data-end=\"841\">Aus vollst\u00e4ndig geschwei\u00dftem Stahl gefertigt und durch eine <strong data-start=\"607\" data-end=\"631\">RAL 9010 (reinwei\u00df) Oberfl\u00e4che<\/strong> gesch\u00fctzt, bietet es eine hervorragende Best\u00e4ndigkeit gegen schlechtes Wetter, Feuchtigkeit und St\u00f6\u00dfe. Dank seiner <strong data-start=\"724\" data-end=\"752\">Doppelt\u00fcren<\/strong> und seines behandelten Massivholzbodens garantiert er eine zuverl\u00e4ssige, langlebige und sichere Nutzung.<\/p>\n<hr data-start=\"843\" data-end=\"846\" \/>\n<h2 data-start=\"848\" data-end=\"885\">\ud83d\udd27 <strong data-start=\"854\" data-end=\"885\">Technische Spezifikationen<\/strong><\/h2>\n<h3 data-start=\"887\" data-end=\"917\"><strong data-start=\"891\" data-end=\"917\">Externe Abmessungen<\/strong><\/h3>\n<ul data-start=\"918\" data-end=\"997\">\n<li data-start=\"918\" data-end=\"942\">\n<p data-start=\"920\" data-end=\"942\"><strong data-start=\"920\" data-end=\"933\">H\u00f6he:<\/strong> 225 cm<\/p>\n<\/li>\n<li data-start=\"943\" data-end=\"967\">\n<p data-start=\"945\" data-end=\"967\"><strong data-start=\"945\" data-end=\"958\">Breite:<\/strong> 220 cm<\/p>\n<\/li>\n<li data-start=\"968\" data-end=\"997\">\n<p data-start=\"970\" data-end=\"997\"><strong data-start=\"970\" data-end=\"986\">Tiefe:<\/strong> 243,8 cm<\/p>\n<\/li>\n<\/ul>\n<h3 data-start=\"999\" data-end=\"1029\"><strong data-start=\"1003\" data-end=\"1029\">Innenma\u00dfe<\/strong><\/h3>\n<ul data-start=\"1030\" data-end=\"1109\">\n<li data-start=\"1030\" data-end=\"1054\">\n<p data-start=\"1032\" data-end=\"1054\"><strong data-start=\"1032\" data-end=\"1045\">H\u00f6he:<\/strong> 202 cm<\/p>\n<\/li>\n<li data-start=\"1055\" data-end=\"1079\">\n<p data-start=\"1057\" data-end=\"1079\"><strong data-start=\"1057\" data-end=\"1070\">Breite:<\/strong> 207 cm<\/p>\n<\/li>\n<li data-start=\"1080\" data-end=\"1109\">\n<p data-start=\"1082\" data-end=\"1109\"><strong data-start=\"1082\" data-end=\"1098\">Tiefe:<\/strong> 223,8 cm<\/p>\n<\/li>\n<\/ul>\n<hr data-start=\"1111\" data-end=\"1114\" \/>\n<h2 data-start=\"1116\" data-end=\"1147\">\ud83d\udd29 <strong data-start=\"1122\" data-end=\"1147\">Struktur und Materialien<\/strong><\/h2>\n<ul data-start=\"1148\" data-end=\"1483\">\n<li data-start=\"1148\" data-end=\"1227\">\n<p data-start=\"1150\" data-end=\"1227\">Rahmen aus <strong data-start=\"1162\" data-end=\"1188\">lackierten Stahlprofilen<\/strong>, vollst\u00e4ndig verschwei\u00dft (St\u00e4rke 3 mm)<\/p>\n<\/li>\n<li data-start=\"1228\" data-end=\"1295\">\n<p data-start=\"1230\" data-end=\"1295\">W\u00e4nde und Decke aus <strong data-start=\"1251\" data-end=\"1275\">gewalztem Stahlblech<\/strong>, Dicke 1,5 mm<\/p>\n<\/li>\n<li data-start=\"1296\" data-end=\"1328\">\n<p data-start=\"1298\" data-end=\"1328\">Farbe: <strong data-start=\"1308\" data-end=\"1326\">Wei\u00df RAL 9010<\/strong><\/p>\n<\/li>\n<li data-start=\"1329\" data-end=\"1367\">\n<p data-start=\"1331\" data-end=\"1367\"><strong data-start=\"1331\" data-end=\"1353\">4 Hebeanschl\u00fcsse<\/strong> auf dem Dach<\/p>\n<\/li>\n<li data-start=\"1368\" data-end=\"1434\">\n<p data-start=\"1370\" data-end=\"1434\"><strong data-start=\"1370\" data-end=\"1393\">Gabeldurchgang<\/strong> (90 cm Achsabstand) f\u00fcr Gabelstapler<\/p>\n<\/li>\n<li data-start=\"1435\" data-end=\"1483\">\n<p data-start=\"1437\" data-end=\"1483\">Nat\u00fcrliche Bel\u00fcftung \u00fcber <strong data-start=\"1463\" data-end=\"1481\">4 Lufteinl\u00e4sse<\/strong><\/p>\n<\/li>\n<\/ul>\n<hr data-start=\"1485\" data-end=\"1488\" \/>\n<h2 data-start=\"1490\" data-end=\"1506\">\ud83d\udeaa <strong data-start=\"1496\" data-end=\"1506\">T\u00fcren<\/strong><\/h2>\n<ul data-start=\"1507\" data-end=\"1620\">\n<li data-start=\"1507\" data-end=\"1540\">\n<p data-start=\"1509\" data-end=\"1540\">Doppelfl\u00fcgel aus lackiertem Stahl<\/p>\n<\/li>\n<li data-start=\"1541\" data-end=\"1583\">\n<p data-start=\"1543\" data-end=\"1583\">Schwarze Gummidichtungen<\/p>\n<\/li>\n<li data-start=\"1584\" data-end=\"1620\">\n<p data-start=\"1586\" data-end=\"1620\">Schutzverschluss f\u00fcr Vorh\u00e4ngeschloss<\/p>\n<\/li>\n<\/ul>\n<hr data-start=\"1622\" data-end=\"1625\" \/>\n<h2 data-start=\"1627\" data-end=\"1645\">\ud83e\udeb5 <strong data-start=\"1633\" data-end=\"1645\">Boden<\/strong><\/h2>\n<ul data-start=\"1646\" data-end=\"1739\">\n<li data-start=\"1646\" data-end=\"1682\">\n<p data-start=\"1648\" data-end=\"1682\">Massivholz mit Anti-Feuchtigkeits-Behandlung<\/p>\n<\/li>\n<li data-start=\"1683\" data-end=\"1708\">\n<p data-start=\"1685\" data-end=\"1708\">Dicke: <strong data-start=\"1697\" data-end=\"1706\">25 mm<\/strong><\/p>\n<\/li>\n<li data-start=\"1709\" data-end=\"1739\">\n<p data-start=\"1711\" data-end=\"1739\">Widerstand: <strong data-start=\"1724\" data-end=\"1737\">700 kg\/m\u00b2<\/strong><\/p>\n<\/li>\n<\/ul>\n<hr data-start=\"1741\" data-end=\"1744\" \/>\n<h2 data-start=\"1746\" data-end=\"1765\">\u2699\ufe0f <strong data-start=\"1752\" data-end=\"1765\">F\u00e4higkeiten<\/strong><\/h2>\n<ul data-start=\"1766\" data-end=\"1865\">\n<li data-start=\"1766\" data-end=\"1795\">\n<p data-start=\"1768\" data-end=\"1795\">Leergewicht: <strong data-start=\"1783\" data-end=\"1793\">670 kg<\/strong><\/p>\n<\/li>\n<li data-start=\"1796\" data-end=\"1831\">\n<p data-start=\"1798\" data-end=\"1831\">Zul\u00e4ssige Belastung: <strong data-start=\"1818\" data-end=\"1829\">5300 kg<\/strong><\/p>\n<\/li>\n<li data-start=\"1832\" data-end=\"1865\">\n<p data-start=\"1834\" data-end=\"1865\">Innenvolumen: <strong data-start=\"1853\" data-end=\"1863\">8,5 m\u00b3<\/strong><\/p>\n<\/li>\n<\/ul>\n<hr data-start=\"1867\" data-end=\"1870\" \/>\n<h2 data-start=\"1872\" data-end=\"1902\">\ud83c\udf9b\ufe0f <strong data-start=\"1879\" data-end=\"1902\">Verf\u00fcgbare Optionen<\/strong><\/h2>\n<ul data-start=\"1903\" data-end=\"2039\">\n<li data-start=\"1903\" data-end=\"1955\">\n<p data-start=\"1905\" data-end=\"1955\">Elektroinstallation (LED + Steckdosen + Panel)<\/p>\n<\/li>\n<li data-start=\"1956\" data-end=\"1974\">\n<p data-start=\"1958\" data-end=\"1974\">Stahlboden<\/p>\n<\/li>\n<li data-start=\"1975\" data-end=\"2015\">\n<p data-start=\"1977\" data-end=\"2015\">Sonderlackierung (RAL-Palette)<\/p>\n<\/li>\n<li data-start=\"2016\" data-end=\"2039\">\n<p data-start=\"2018\" data-end=\"2039\">Sicherheitsvorh\u00e4ngeschloss<\/p>\n<\/li>\n<\/ul>\n","protected":false},"excerpt":{"rendered":"<p>Unsere Lagercontainer erf\u00fcllen den Lagerbedarf auf Baustellen, in Lagerhallen, in Au\u00dfendepots, auf landwirtschaftlichen Fl\u00e4chen oder zu Hause. Hierbei handelt es sich um<strong>NEUE<\/strong> Lagercontainer, die das Werk verlassen, und nicht um \u201eErstreise\u201c-Versandcontainer, die bereits gereist sind.<\/p>\n<p>Unser 8-Fu\u00df-Lagercontainer hat einen Rahmen aus <strong>Stahlprofilen, 3 mm stark, vollverschwei\u00dft<\/strong>. Die W\u00e4nde und die Decke bestehen aus <strong>1,5 mm dickem laminiertem Blech<\/strong> und der Boden besteht aus <strong>Massivholz, 25 mm dick<\/strong>, das gegen Feuchtigkeit behandelt wurde. Es ist mit einer <strong>Schutzklappe f\u00fcr das Vorh\u00e4ngeschloss<\/strong> ausgestattet.<\/p>\n<p>Die Handhabung ist dank der 4 Steckdosen auf dem Dach mit Hebegurten oder Hebehaken oder dank der Gabeldurchf\u00fchrung im Sockel mit einem Gabelstapler m\u00f6glich. Dieser Gabeldurchgang befindet sich an der Fassade, der Achsabstand betr\u00e4gt 90cm.<\/p>\n","protected":false},"featured_media":16146,"comment_status":"open","ping_status":"closed","template":"","meta":[],"product_brand":[],"product_cat":[351,347],"product_tag":[],"class_list":{"0":"post-14217","1":"product","2":"type-product","3":"status-publish","4":"has-post-thumbnail","6":"product_cat-standardspeicher","7":"product_cat-unsere-container","9":"first","10":"instock","11":"sale","12":"shipping-taxable","13":"purchasable","14":"product-type-simple"},"yoast_head":"<!-- This site is optimized with the Yoast SEO plugin v27.4 - https:\/\/yoast.com\/product\/yoast-seo-wordpress\/ -->\n<title>Neuer 8-Fu\u00df-Lagercontainer<\/title>\n<meta name=\"robots\" content=\"index, follow, max-snippet:-1, max-image-preview:large, max-video-preview:-1\" \/>\n<link rel=\"canonical\" href=\"https:\/\/sagrinex.com\/produit\/container-de-stockage-neuf-8-pieds\/\" \/>\n<meta property=\"og:locale\" content=\"de_DE\" \/>\n<meta property=\"og:type\" content=\"article\" \/>\n<meta property=\"og:title\" content=\"Neuer 8-Fu\u00df-Lagercontainer\" \/>\n<meta property=\"og:description\" content=\"Unsere Lagercontainer erf\u00fcllen den Lagerbedarf auf Baustellen, in Lagerhallen, in Au\u00dfendepots, auf landwirtschaftlichen Fl\u00e4chen oder zu Hause. Hierbei handelt es sich umNEUE Lagercontainer, die das Werk verlassen, und nicht um \u201eErstreise\u201c-Versandcontainer, die bereits gereist sind. Unser 8-Fu\u00df-Lagercontainer hat einen Rahmen aus Stahlprofilen, 3 mm stark, vollverschwei\u00dft. Die W\u00e4nde und die Decke bestehen aus 1,5 mm dickem laminiertem Blech und der Boden besteht aus Massivholz, 25 mm dick, das gegen Feuchtigkeit behandelt wurde. Es ist mit einer Schutzklappe f\u00fcr das Vorh\u00e4ngeschloss ausgestattet. Die Handhabung ist dank der 4 Steckdosen auf dem Dach mit Hebegurten oder Hebehaken oder dank der Gabeldurchf\u00fchrung im Sockel mit einem Gabelstapler m\u00f6glich. Dieser Gabeldurchgang befindet sich an der Fassade, der Achsabstand betr\u00e4gt 90cm.\" \/>\n<meta property=\"og:url\" content=\"https:\/\/sagrinex.com\/produit\/container-de-stockage-neuf-8-pieds\/\" \/>\n<meta property=\"og:site_name\" content=\"Sagrinex \u2013 Anhaenger, Container &amp; Landtechnik \ud83c\udf3e\ud83d\ude9c\" \/>\n<meta property=\"article:modified_time\" content=\"2026-04-15T21:12:15+00:00\" \/>\n<meta property=\"og:image\" content=\"https:\/\/sagrinex.com\/wp-content\/uploads\/2026\/03\/Image-68-3.jpeg\" \/>\n\t<meta property=\"og:image:width\" content=\"1024\" \/>\n\t<meta property=\"og:image:height\" content=\"1536\" \/>\n\t<meta property=\"og:image:type\" content=\"image\/jpeg\" \/>\n<meta name=\"twitter:card\" content=\"summary_large_image\" \/>\n<meta name=\"twitter:label1\" content=\"Gesch\u00e4tzte Lesezeit\" \/>\n\t<meta name=\"twitter:data1\" content=\"1\u00a0Minute\" \/>\n<script type=\"application\/ld+json\" class=\"yoast-schema-graph\">{\"@context\":\"https:\\\/\\\/schema.org\",\"@graph\":[{\"@type\":\"WebPage\",\"@id\":\"https:\\\/\\\/sagrinex.com\\\/produit\\\/container-de-stockage-neuf-8-pieds\\\/\",\"url\":\"https:\\\/\\\/sagrinex.com\\\/produit\\\/container-de-stockage-neuf-8-pieds\\\/\",\"name\":\"Neuer 8-Fu\u00df-Lagercontainer\",\"isPartOf\":{\"@id\":\"https:\\\/\\\/sagrinex.com\\\/#website\"},\"primaryImageOfPage\":{\"@id\":\"https:\\\/\\\/sagrinex.com\\\/produit\\\/container-de-stockage-neuf-8-pieds\\\/#primaryimage\"},\"image\":{\"@id\":\"https:\\\/\\\/sagrinex.com\\\/produit\\\/container-de-stockage-neuf-8-pieds\\\/#primaryimage\"},\"thumbnailUrl\":\"https:\\\/\\\/sagrinex.com\\\/wp-content\\\/uploads\\\/2026\\\/03\\\/Image-68-3.jpeg\",\"datePublished\":\"2026-03-15T13:59:44+00:00\",\"dateModified\":\"2026-04-15T21:12:15+00:00\",\"breadcrumb\":{\"@id\":\"https:\\\/\\\/sagrinex.com\\\/produit\\\/container-de-stockage-neuf-8-pieds\\\/#breadcrumb\"},\"inLanguage\":\"de\",\"potentialAction\":[{\"@type\":\"ReadAction\",\"target\":[\"https:\\\/\\\/sagrinex.com\\\/produit\\\/container-de-stockage-neuf-8-pieds\\\/\"]}]},{\"@type\":\"ImageObject\",\"inLanguage\":\"de\",\"@id\":\"https:\\\/\\\/sagrinex.com\\\/produit\\\/container-de-stockage-neuf-8-pieds\\\/#primaryimage\",\"url\":\"https:\\\/\\\/sagrinex.com\\\/wp-content\\\/uploads\\\/2026\\\/03\\\/Image-68-3.jpeg\",\"contentUrl\":\"https:\\\/\\\/sagrinex.com\\\/wp-content\\\/uploads\\\/2026\\\/03\\\/Image-68-3.jpeg\",\"width\":1024,\"height\":1536},{\"@type\":\"BreadcrumbList\",\"@id\":\"https:\\\/\\\/sagrinex.com\\\/produit\\\/container-de-stockage-neuf-8-pieds\\\/#breadcrumb\",\"itemListElement\":[{\"@type\":\"ListItem\",\"position\":1,\"name\":\"Accueil\",\"item\":\"https:\\\/\\\/sagrinex.com\\\/?lang=de\"},{\"@type\":\"ListItem\",\"position\":2,\"name\":\"Shop\",\"item\":\"https:\\\/\\\/sagrinex.com\\\/shop\\\/\"},{\"@type\":\"ListItem\",\"position\":3,\"name\":\"Neuer 8-fu\u00df-lagercontainer\"}]},{\"@type\":\"WebSite\",\"@id\":\"https:\\\/\\\/sagrinex.com\\\/#website\",\"url\":\"https:\\\/\\\/sagrinex.com\\\/\",\"name\":\"Sagrinex \u2013 Spezialist f\u00fcr Anh\u00e4nger, Container & Landtechnik\",\"description\":\"Anhaenger, Container &amp; Landtechnik \u2014 Online-Verkauf &amp; kostenloses Angebot\",\"publisher\":{\"@id\":\"https:\\\/\\\/sagrinex.com\\\/#organization\"},\"potentialAction\":[{\"@type\":\"SearchAction\",\"target\":{\"@type\":\"EntryPoint\",\"urlTemplate\":\"https:\\\/\\\/sagrinex.com\\\/?s={search_term_string}\"},\"query-input\":{\"@type\":\"PropertyValueSpecification\",\"valueRequired\":true,\"valueName\":\"search_term_string\"}}],\"inLanguage\":\"de\"},{\"@type\":\"Organization\",\"@id\":\"https:\\\/\\\/sagrinex.com\\\/#organization\",\"name\":\"Sagrinex \u2013 Remorques, Conteneurs & Mat\u00e9riel Agricole\",\"url\":\"https:\\\/\\\/sagrinex.com\\\/\",\"logo\":{\"@type\":\"ImageObject\",\"inLanguage\":\"de\",\"@id\":\"https:\\\/\\\/sagrinex.com\\\/#\\\/schema\\\/logo\\\/image\\\/\",\"url\":\"https:\\\/\\\/sagrinex.com\\\/wp-content\\\/uploads\\\/2026\\\/03\\\/7f1ac463-ef5a-425d-bdd6-a5da03a334a9-1024x683.png\",\"contentUrl\":\"https:\\\/\\\/sagrinex.com\\\/wp-content\\\/uploads\\\/2026\\\/03\\\/7f1ac463-ef5a-425d-bdd6-a5da03a334a9-1024x683.png\",\"width\":1024,\"height\":683,\"caption\":\"Sagrinex \u2013 Remorques, Conteneurs & Mat\u00e9riel Agricole\"},\"image\":{\"@id\":\"https:\\\/\\\/sagrinex.com\\\/#\\\/schema\\\/logo\\\/image\\\/\"}}]}<\/script>\n<!-- \/ Yoast SEO plugin. -->","yoast_head_json":{"title":"Neuer 8-Fu\u00df-Lagercontainer","robots":{"index":"index","follow":"follow","max-snippet":"max-snippet:-1","max-image-preview":"max-image-preview:large","max-video-preview":"max-video-preview:-1"},"canonical":"https:\/\/sagrinex.com\/produit\/container-de-stockage-neuf-8-pieds\/","og_locale":"de_DE","og_type":"article","og_title":"Neuer 8-Fu\u00df-Lagercontainer","og_description":"Unsere Lagercontainer erf\u00fcllen den Lagerbedarf auf Baustellen, in Lagerhallen, in Au\u00dfendepots, auf landwirtschaftlichen Fl\u00e4chen oder zu Hause. Hierbei handelt es sich umNEUE Lagercontainer, die das Werk verlassen, und nicht um \u201eErstreise\u201c-Versandcontainer, die bereits gereist sind. Unser 8-Fu\u00df-Lagercontainer hat einen Rahmen aus Stahlprofilen, 3 mm stark, vollverschwei\u00dft. Die W\u00e4nde und die Decke bestehen aus 1,5 mm dickem laminiertem Blech und der Boden besteht aus Massivholz, 25 mm dick, das gegen Feuchtigkeit behandelt wurde. Es ist mit einer Schutzklappe f\u00fcr das Vorh\u00e4ngeschloss ausgestattet. Die Handhabung ist dank der 4 Steckdosen auf dem Dach mit Hebegurten oder Hebehaken oder dank der Gabeldurchf\u00fchrung im Sockel mit einem Gabelstapler m\u00f6glich. Dieser Gabeldurchgang befindet sich an der Fassade, der Achsabstand betr\u00e4gt 90cm.","og_url":"https:\/\/sagrinex.com\/produit\/container-de-stockage-neuf-8-pieds\/","og_site_name":"Sagrinex \u2013 Anhaenger, Container &amp; Landtechnik \ud83c\udf3e\ud83d\ude9c","article_modified_time":"2026-04-15T21:12:15+00:00","og_image":[{"width":1024,"height":1536,"url":"https:\/\/sagrinex.com\/wp-content\/uploads\/2026\/03\/Image-68-3.jpeg","type":"image\/jpeg"}],"twitter_card":"summary_large_image","twitter_misc":{"Gesch\u00e4tzte Lesezeit":"1\u00a0Minute"},"schema":{"@context":"https:\/\/schema.org","@graph":[{"@type":"WebPage","@id":"https:\/\/sagrinex.com\/produit\/container-de-stockage-neuf-8-pieds\/","url":"https:\/\/sagrinex.com\/produit\/container-de-stockage-neuf-8-pieds\/","name":"Neuer 8-Fu\u00df-Lagercontainer","isPartOf":{"@id":"https:\/\/sagrinex.com\/#website"},"primaryImageOfPage":{"@id":"https:\/\/sagrinex.com\/produit\/container-de-stockage-neuf-8-pieds\/#primaryimage"},"image":{"@id":"https:\/\/sagrinex.com\/produit\/container-de-stockage-neuf-8-pieds\/#primaryimage"},"thumbnailUrl":"https:\/\/sagrinex.com\/wp-content\/uploads\/2026\/03\/Image-68-3.jpeg","datePublished":"2026-03-15T13:59:44+00:00","dateModified":"2026-04-15T21:12:15+00:00","breadcrumb":{"@id":"https:\/\/sagrinex.com\/produit\/container-de-stockage-neuf-8-pieds\/#breadcrumb"},"inLanguage":"de","potentialAction":[{"@type":"ReadAction","target":["https:\/\/sagrinex.com\/produit\/container-de-stockage-neuf-8-pieds\/"]}]},{"@type":"ImageObject","inLanguage":"de","@id":"https:\/\/sagrinex.com\/produit\/container-de-stockage-neuf-8-pieds\/#primaryimage","url":"https:\/\/sagrinex.com\/wp-content\/uploads\/2026\/03\/Image-68-3.jpeg","contentUrl":"https:\/\/sagrinex.com\/wp-content\/uploads\/2026\/03\/Image-68-3.jpeg","width":1024,"height":1536},{"@type":"BreadcrumbList","@id":"https:\/\/sagrinex.com\/produit\/container-de-stockage-neuf-8-pieds\/#breadcrumb","itemListElement":[{"@type":"ListItem","position":1,"name":"Accueil","item":"https:\/\/sagrinex.com\/?lang=de"},{"@type":"ListItem","position":2,"name":"Shop","item":"https:\/\/sagrinex.com\/shop\/"},{"@type":"ListItem","position":3,"name":"Neuer 8-fu\u00df-lagercontainer"}]},{"@type":"WebSite","@id":"https:\/\/sagrinex.com\/#website","url":"https:\/\/sagrinex.com\/","name":"Sagrinex \u2013 Spezialist f\u00fcr Anh\u00e4nger, Container & Landtechnik","description":"Anhaenger, Container &amp; Landtechnik \u2014 Online-Verkauf &amp; kostenloses Angebot","publisher":{"@id":"https:\/\/sagrinex.com\/#organization"},"potentialAction":[{"@type":"SearchAction","target":{"@type":"EntryPoint","urlTemplate":"https:\/\/sagrinex.com\/?s={search_term_string}"},"query-input":{"@type":"PropertyValueSpecification","valueRequired":true,"valueName":"search_term_string"}}],"inLanguage":"de"},{"@type":"Organization","@id":"https:\/\/sagrinex.com\/#organization","name":"Sagrinex \u2013 Remorques, Conteneurs & Mat\u00e9riel Agricole","url":"https:\/\/sagrinex.com\/","logo":{"@type":"ImageObject","inLanguage":"de","@id":"https:\/\/sagrinex.com\/#\/schema\/logo\/image\/","url":"https:\/\/sagrinex.com\/wp-content\/uploads\/2026\/03\/7f1ac463-ef5a-425d-bdd6-a5da03a334a9-1024x683.png","contentUrl":"https:\/\/sagrinex.com\/wp-content\/uploads\/2026\/03\/7f1ac463-ef5a-425d-bdd6-a5da03a334a9-1024x683.png","width":1024,"height":683,"caption":"Sagrinex \u2013 Remorques, Conteneurs & Mat\u00e9riel Agricole"},"image":{"@id":"https:\/\/sagrinex.com\/#\/schema\/logo\/image\/"}}]}},"jetpack_sharing_enabled":true,"_links":{"self":[{"href":"https:\/\/sagrinex.com\/de\/wp-json\/wp\/v2\/product\/14217","targetHints":{"allow":["GET"]}}],"collection":[{"href":"https:\/\/sagrinex.com\/de\/wp-json\/wp\/v2\/product"}],"about":[{"href":"https:\/\/sagrinex.com\/de\/wp-json\/wp\/v2\/types\/product"}],"replies":[{"embeddable":true,"href":"https:\/\/sagrinex.com\/de\/wp-json\/wp\/v2\/comments?post=14217"}],"version-history":[{"count":0,"href":"https:\/\/sagrinex.com\/de\/wp-json\/wp\/v2\/product\/14217\/revisions"}],"wp:featuredmedia":[{"embeddable":true,"href":"https:\/\/sagrinex.com\/de\/wp-json\/wp\/v2\/media\/16146"}],"wp:attachment":[{"href":"https:\/\/sagrinex.com\/de\/wp-json\/wp\/v2\/media?parent=14217"}],"wp:term":[{"taxonomy":"product_brand","embeddable":true,"href":"https:\/\/sagrinex.com\/de\/wp-json\/wp\/v2\/product_brand?post=14217"},{"taxonomy":"product_cat","embeddable":true,"href":"https:\/\/sagrinex.com\/de\/wp-json\/wp\/v2\/product_cat?post=14217"},{"taxonomy":"product_tag","embeddable":true,"href":"https:\/\/sagrinex.com\/de\/wp-json\/wp\/v2\/product_tag?post=14217"}],"curies":[{"name":"wp","href":"https:\/\/api.w.org\/{rel}","templated":true}]}}