{"id":14237,"date":"2026-03-15T14:27:00","date_gmt":"2026-03-15T14:27:00","guid":{"rendered":"https:\/\/sagrinex.com\/produit\/20-fuss-trockencontainer-gebraucht\/"},"modified":"2026-03-15T14:27:00","modified_gmt":"2026-03-15T14:27:00","slug":"20-fuss-trockencontainer-gebraucht","status":"publish","type":"product","link":"https:\/\/sagrinex.com\/de\/produit\/20-fuss-trockencontainer-gebraucht\/","title":{"rendered":"20 Fu\u00df Trockencontainer \u2013 Gebraucht"},"content":{"rendered":"<h2 class=\"cvGsUA Direction-ltr align-start para-style-body\"><strong><span class=\"OYPEnA text-decoration-none text-strikethrough-none\">WAS SOLLTEN SIE ERWARTEN, WENN SIE EINEN GEBRAUCHTEN 20-FUSS-CONTAINER KAUFEN?<\/span><\/strong><\/h2>\n<p class=\"cvGsUA Direction-ltr align-start para-style-body\"><span class=\"OYPEnA text-decoration-none text-strikethrough-none\">Der gebrauchte 20-Fu\u00df-Container ist eine wirtschaftliche und robuste L\u00f6sung, ideal f\u00fcr die Erf\u00fcllung Ihrer Lager- oder Transportanforderungen. Obwohl es sichtbare Gebrauchsspuren wie Kratzer, Dellen oder Rost aufweisen kann, bleibt es 100 % funktionsf\u00e4hig und entspricht den internationalen Standards. Jeder gebrauchte Beh\u00e4lter wird vor der Auslieferung in unseren Depots sorgf\u00e4ltig gepr\u00fcft und gewartet, um eine optimale Abdichtung und Funktionalit\u00e4t f\u00fcr eine dauerhafte Nutzung zu gew\u00e4hrleisten.<\/span><\/p>\n<h3 class=\"cvGsUA Direction-ltr align-start para-style-body\"><span class=\"OYPEnA text-decoration-none text-strikethrough-none\"><span class=\"notion-enable-hover\" data-token-index=\"0\">Die Eigenschaften eines 20-Fu\u00df-Containers <\/span><\/span><\/h3>\n<h4>Was sind die Spezifikationen des 20-Fu\u00df-Containers?<\/h4>\n<ul>\n<li><strong>Materialien:<\/strong> Hergestellt aus Cortenstahl, einem Material, das f\u00fcr seine au\u00dfergew\u00f6hnliche Best\u00e4ndigkeit gegen Korrosion und extreme Wetterbedingungen bekannt ist. Auch nach jahrelangem Gebrauch garantiert dieser Aufbau eine narrensichere Stabilit\u00e4t.<\/li>\n<li><strong>Lackierung:<\/strong> Gebrauchte Beh\u00e4lter k\u00f6nnen \u00e4u\u00dfere Abnutzungserscheinungen aufweisen, verf\u00fcgen aber immer \u00fcber eine Restlackierung, die Schutz vor klimatischen Einfl\u00fcssen bietet.<\/li>\n<li><strong>Boden:<\/strong> Hergestellt aus 28 mm starkem Schiffssperrholz, das Feuchtigkeit und dem Gewicht der Waren standh\u00e4lt und je nach Zustand \u00fcberholt oder ersetzt wird.<\/li>\n<li><strong>T\u00fcren:<\/strong> Doppelfl\u00fcgel mit Gummidichtungen, die eine wirksame Abdichtung gegen Wasser, Feuchtigkeit und Sch\u00e4dlinge gew\u00e4hrleisten. Die \u00d6ffnungs- und Schlie\u00dfmechanismen wurden komplett \u00fcberarbeitet, um eine einfache Handhabung zu gew\u00e4hrleisten.<\/li>\n<\/ul>\n<h4><span class=\"notion-enable-hover\" data-token-index=\"0\">Konformit\u00e4ts- und Sicherheitsstandards f\u00fcr den verwendeten 20-Fu\u00df-Container:<\/span><\/h4>\n<ul>\n<li><strong>Wasserdichtigkeit:<\/strong> Jeder gebrauchte Container ist Cargo Worthy-zertifiziert und garantiert, dass er wasser-, luft- und lichtdicht ist, um Ihre Waren unter allen Bedingungen zu sch\u00fctzen.<\/li>\n<li><strong>ISO-Zertifizierung:<\/strong>Die Abmessungen und Spezifikationen von 20-Fu\u00df-Transportcontainern entsprechen den ISO-Standards und stellen so ihre Kompatibilit\u00e4t mit standardisierten Hebe- und Transportger\u00e4ten sicher.<\/li>\n<li><strong>ISO-Ecke:<\/strong> Ausgestattet mit ISO-Teilen gem\u00e4\u00df ISO 1161 und bietet universelle Zurr- und Hebepunkte f\u00fcr eine sichere Handhabung bei allen Transportarten (See, Schiene, Stra\u00dfe).<\/li>\n<li><strong>CSC-Zertifikat:<\/strong>Jeder Container wird gem\u00e4\u00df dem \u00dcbereinkommen \u00fcber sichere Container (CSC) gepr\u00fcft und zertifiziert und bescheinigt seine Eignung f\u00fcr den Transport von G\u00fctern auf dem See- oder Landweg.<\/li>\n<\/ul>\n<h4><span class=\"notion-enable-hover\" data-token-index=\"0\">Welche Abmessungen hat ein 20-Fu\u00df-DRY-Versandcontainer?<\/span><\/h4>\n<ul>\n<li><strong>L\u00e4nge:<\/strong> 6,06 m<\/li>\n<li><strong>Breite:<\/strong> 2,44 m<\/li>\n<li><strong>H\u00f6he:<\/strong> 2,59 m<\/li>\n<li><strong>Lagervolumen:<\/strong>ca. 33 m\u00b3, erm\u00f6glicht die Lagerung verschiedenster G\u00fcter.<\/li>\n<li><strong>Tragf\u00e4higkeit:<\/strong> Bis zu 28 Tonnen, geeignet f\u00fcr den Transport schwerer G\u00fcter.<\/li>\n<li><strong>Urgewicht:<\/strong> Ungef\u00e4hr 2.300 kg, variabel je nach Zustand und Materialien.<\/li>\n<li><strong>T\u00fcrma\u00dfe:<\/strong> Breite 2,34 m, H\u00f6he 2,28 m, dadurch einfacher Zugang auch f\u00fcr sperrige G\u00fcter.<\/li>\n<\/ul>\n<h3><span class=\"notion-enable-hover\" data-token-index=\"0\">Verwendungsm\u00f6glichkeiten und Vielseitigkeit gebrauchter 20-Fu\u00df-DRY-Container:<\/span><\/h3>\n<p>Gebrauchte 20-Fu\u00df-DRY-Container sind zwar weniger \u00e4sthetisch als neue, bleiben aber dank ihrer robusten Struktur zuverl\u00e4ssige und praktische Produkte f\u00fcr verschiedene Verwendungszwecke:<\/p>\n<ul>\n<li><strong>Sichere Lagerl\u00f6sung:<\/strong> Sie bieten eine ideale L\u00f6sung, um Ihre Waren vor schlechtem Wetter, Sch\u00e4dlingen und Diebstahl zu sch\u00fctzen und gleichzeitig ihre optimale Konservierung zu gew\u00e4hrleisten.<\/li>\n<li><strong>Multimodaler Transport:<\/strong> Diese Container sind an internationale Logistikketten angepasst und erf\u00fcllen die Standards, die ihren Transport auf See, auf der Schiene und auf der Stra\u00dfe erm\u00f6glichen.<\/li>\n<li><strong>Modulare Umbauten:<\/strong> Mit ein paar Modifikationen k\u00f6nnen diese Container in B\u00fcros, Werkst\u00e4tten oder tempor\u00e4re Wohnr\u00e4ume umgewandelt werden, mit Optionen wie Isolierung, Einbau zus\u00e4tzlicher Fenster oder T\u00fcren.<\/li>\n<\/ul>\n<h3><span class=\"notion-enable-hover\" data-token-index=\"0\">Was unsere gebrauchten 20-Fu\u00df-DRY-Container garantieren:<\/span><\/h3>\n<ul>\n<li><strong>Vollst\u00e4ndige Wasserdichtigkeit:<\/strong>Jeder Beh\u00e4lter wird sorgf\u00e4ltig gepr\u00fcft, um sicherzustellen, dass er vollst\u00e4ndig wasserdicht ist und Ihr Hab und Gut vor Wasser, Luft und Sch\u00e4dlingen sch\u00fctzt.<\/li>\n<li><strong>\u00dcberarbeiteter Boden:<\/strong>Bei Bedarf wird der Boden repariert oder ersetzt, um seine Festigkeit und Haltbarkeit sicherzustellen.<\/li>\n<li><strong>Funktionsf\u00e4hige T\u00fcren:<\/strong>Die \u00d6ffnungs- und Schlie\u00dfmechanismen wurden komplett \u00fcberarbeitet, um eine reibungslose Funktion zu gew\u00e4hrleisten.<\/li>\n<li><strong>Gesicherte Konformit\u00e4t:<\/strong> Alle Container werden gepr\u00fcft, getestet und zertifiziert, um den Cargo Worthy- und CSC-Standards zu entsprechen und sicherzustellen, dass sie f\u00fcr Transport und Lagerung sicher sind.<\/li>\n<\/ul>\n<h2><span class=\"notion-enable-hover\" data-token-index=\"0\">VORTEILE DES GEBRAUCHTEN 20-FUSS-CONTAINERS:<\/span><\/h2>\n<p>\u2705 <strong>Wirtschaftlich:<\/strong> Eine kosteng\u00fcnstige Alternative f\u00fcr Lagerung und Transport.<\/p>\n<p>\u2705 <strong>Robustheit:<\/strong> Cortenstahlkonstruktion best\u00e4ndig, auch nach mehreren Jahren der Nutzung.<\/p>\n<p>\u2705<strong>Vielseitigkeit:<\/strong>Ideal f\u00fcr Fracht, Lagerung oder modulare Umbauten.<\/p>\n<p>\u2705 <strong>Compliance garantiert:<\/strong> Zertifiziert und auf sichere Verwendung gepr\u00fcft.<\/p>\n<p>\u2705 <strong>Schnelle Lieferung:<\/strong> Je nach Bedarf mit oder ohne Entladung erh\u00e4ltlich.<\/p>\n","protected":false},"excerpt":{"rendered":"<p>Der gebrauchte 20-Fu\u00df-Transportcontainer eignet sich ideal f\u00fcr verschiedene Bed\u00fcrfnisse: Ob zum Lagern oder Aufr\u00e4umen, zum Wohnungsbau, zur Schaffung von Unterst\u00e4nden oder Garagen, er passt sich Ihren Anforderungen an. Farben je nach Verf\u00fcgbarkeit in unseren Lagern.<\/p>\n<p><img decoding=\"async\" class=\"alignnone size-medium wp-image-13532\" src=\"https:\/\/www.econtainerlogi.com\/wp-content\/uploads\/2025\/11\/Capture-decran-2025-11-15-161524-1-300x80.png\" alt=\"\" width=\"300\" height=\"80\" \/><\/p>\n","protected":false},"featured_media":16158,"comment_status":"open","ping_status":"closed","template":"","meta":[],"product_brand":[],"product_cat":[351,347],"product_tag":[],"class_list":{"0":"post-14237","1":"product","2":"type-product","3":"status-publish","4":"has-post-thumbnail","6":"product_cat-standardspeicher","7":"product_cat-unsere-container","9":"first","10":"instock","11":"sale","12":"shipping-taxable","13":"purchasable","14":"product-type-simple"},"yoast_head":"<!-- This site is optimized with the Yoast SEO plugin v27.4 - https:\/\/yoast.com\/product\/yoast-seo-wordpress\/ -->\n<title>20 Fu\u00df Trockencontainer \u2013 Gebraucht<\/title>\n<meta name=\"description\" content=\"Der gebrauchte 20-Fu\u00df-Transportcontainer eignet sich ideal f\u00fcr verschiedene Bed\u00fcrfnisse: Ob zum Lagern oder Aufr\u00e4umen, zum Wohnungsbau, zur Schaffung von Unterst\u00e4nden oder Garagen, er passt sich Ihren Anforderungen an. Farben je nach Verf\u00fcgbarkeit in unseren Lagern.\" \/>\n<meta name=\"robots\" content=\"index, follow, max-snippet:-1, max-image-preview:large, max-video-preview:-1\" \/>\n<link rel=\"canonical\" href=\"https:\/\/sagrinex.com\/produit\/conteneur-20-pieds-dry-occasion\/\" \/>\n<meta property=\"og:locale\" content=\"de_DE\" \/>\n<meta property=\"og:type\" content=\"article\" \/>\n<meta property=\"og:title\" content=\"20 Fu\u00df Trockencontainer \u2013 Gebraucht\" \/>\n<meta property=\"og:description\" content=\"Der gebrauchte 20-Fu\u00df-Transportcontainer eignet sich ideal f\u00fcr verschiedene Bed\u00fcrfnisse: Ob zum Lagern oder Aufr\u00e4umen, zum Wohnungsbau, zur Schaffung von Unterst\u00e4nden oder Garagen, er passt sich Ihren Anforderungen an. Farben je nach Verf\u00fcgbarkeit in unseren Lagern.\" \/>\n<meta property=\"og:url\" content=\"https:\/\/sagrinex.com\/produit\/conteneur-20-pieds-dry-occasion\/\" \/>\n<meta property=\"og:site_name\" content=\"Sagrinex \u2013 Anhaenger, Container &amp; Landtechnik \ud83c\udf3e\ud83d\ude9c\" \/>\n<meta name=\"twitter:card\" content=\"summary_large_image\" \/>\n<meta name=\"twitter:label1\" content=\"Gesch\u00e4tzte Lesezeit\" \/>\n\t<meta name=\"twitter:data1\" content=\"3\u00a0Minuten\" \/>\n<script type=\"application\/ld+json\" class=\"yoast-schema-graph\">{\"@context\":\"https:\\\/\\\/schema.org\",\"@graph\":[{\"@type\":\"WebPage\",\"@id\":\"https:\\\/\\\/sagrinex.com\\\/produit\\\/conteneur-20-pieds-dry-occasion\\\/\",\"url\":\"https:\\\/\\\/sagrinex.com\\\/produit\\\/conteneur-20-pieds-dry-occasion\\\/\",\"name\":\"20 Fu\u00df Trockencontainer \u2013 Gebraucht\",\"isPartOf\":{\"@id\":\"https:\\\/\\\/sagrinex.com\\\/#website\"},\"primaryImageOfPage\":{\"@id\":\"https:\\\/\\\/sagrinex.com\\\/produit\\\/conteneur-20-pieds-dry-occasion\\\/#primaryimage\"},\"image\":{\"@id\":\"https:\\\/\\\/sagrinex.com\\\/produit\\\/conteneur-20-pieds-dry-occasion\\\/#primaryimage\"},\"thumbnailUrl\":\"https:\\\/\\\/sagrinex.com\\\/wp-content\\\/uploads\\\/2026\\\/03\\\/Image-80-2.jpeg\",\"datePublished\":\"2026-03-15T14:27:00+00:00\",\"description\":\"Der gebrauchte 20-Fu\u00df-Transportcontainer eignet sich ideal f\u00fcr verschiedene Bed\u00fcrfnisse: Ob zum Lagern oder Aufr\u00e4umen, zum Wohnungsbau, zur Schaffung von Unterst\u00e4nden oder Garagen, er passt sich Ihren Anforderungen an. Farben je nach Verf\u00fcgbarkeit in unseren Lagern.\",\"breadcrumb\":{\"@id\":\"https:\\\/\\\/sagrinex.com\\\/produit\\\/conteneur-20-pieds-dry-occasion\\\/#breadcrumb\"},\"inLanguage\":\"de\",\"potentialAction\":[{\"@type\":\"ReadAction\",\"target\":[\"https:\\\/\\\/sagrinex.com\\\/produit\\\/conteneur-20-pieds-dry-occasion\\\/\"]}]},{\"@type\":\"ImageObject\",\"inLanguage\":\"de\",\"@id\":\"https:\\\/\\\/sagrinex.com\\\/produit\\\/conteneur-20-pieds-dry-occasion\\\/#primaryimage\",\"url\":\"https:\\\/\\\/sagrinex.com\\\/wp-content\\\/uploads\\\/2026\\\/03\\\/Image-80-2.jpeg\",\"contentUrl\":\"https:\\\/\\\/sagrinex.com\\\/wp-content\\\/uploads\\\/2026\\\/03\\\/Image-80-2.jpeg\",\"width\":1080,\"height\":933},{\"@type\":\"BreadcrumbList\",\"@id\":\"https:\\\/\\\/sagrinex.com\\\/produit\\\/conteneur-20-pieds-dry-occasion\\\/#breadcrumb\",\"itemListElement\":[{\"@type\":\"ListItem\",\"position\":1,\"name\":\"Accueil\",\"item\":\"https:\\\/\\\/sagrinex.com\\\/?lang=de\"},{\"@type\":\"ListItem\",\"position\":2,\"name\":\"Shop\",\"item\":\"https:\\\/\\\/sagrinex.com\\\/shop\\\/\"},{\"@type\":\"ListItem\",\"position\":3,\"name\":\"20 Fu\u00df Trockencontainer \u2013 Gebraucht\"}]},{\"@type\":\"WebSite\",\"@id\":\"https:\\\/\\\/sagrinex.com\\\/#website\",\"url\":\"https:\\\/\\\/sagrinex.com\\\/\",\"name\":\"Sagrinex \u2013 Spezialist f\u00fcr Anh\u00e4nger, Container & Landtechnik\",\"description\":\"Anhaenger, Container &amp; Landtechnik \u2014 Online-Verkauf &amp; kostenloses Angebot\",\"publisher\":{\"@id\":\"https:\\\/\\\/sagrinex.com\\\/#organization\"},\"potentialAction\":[{\"@type\":\"SearchAction\",\"target\":{\"@type\":\"EntryPoint\",\"urlTemplate\":\"https:\\\/\\\/sagrinex.com\\\/?s={search_term_string}\"},\"query-input\":{\"@type\":\"PropertyValueSpecification\",\"valueRequired\":true,\"valueName\":\"search_term_string\"}}],\"inLanguage\":\"de\"},{\"@type\":\"Organization\",\"@id\":\"https:\\\/\\\/sagrinex.com\\\/#organization\",\"name\":\"Sagrinex \u2013 Remorques, Conteneurs & Mat\u00e9riel Agricole\",\"url\":\"https:\\\/\\\/sagrinex.com\\\/\",\"logo\":{\"@type\":\"ImageObject\",\"inLanguage\":\"de\",\"@id\":\"https:\\\/\\\/sagrinex.com\\\/#\\\/schema\\\/logo\\\/image\\\/\",\"url\":\"https:\\\/\\\/sagrinex.com\\\/wp-content\\\/uploads\\\/2026\\\/03\\\/7f1ac463-ef5a-425d-bdd6-a5da03a334a9-1024x683.png\",\"contentUrl\":\"https:\\\/\\\/sagrinex.com\\\/wp-content\\\/uploads\\\/2026\\\/03\\\/7f1ac463-ef5a-425d-bdd6-a5da03a334a9-1024x683.png\",\"width\":1024,\"height\":683,\"caption\":\"Sagrinex \u2013 Remorques, Conteneurs & Mat\u00e9riel Agricole\"},\"image\":{\"@id\":\"https:\\\/\\\/sagrinex.com\\\/#\\\/schema\\\/logo\\\/image\\\/\"}}]}<\/script>\n<!-- \/ Yoast SEO plugin. -->","yoast_head_json":{"title":"20 Fu\u00df Trockencontainer \u2013 Gebraucht","description":"Der gebrauchte 20-Fu\u00df-Transportcontainer eignet sich ideal f\u00fcr verschiedene Bed\u00fcrfnisse: Ob zum Lagern oder Aufr\u00e4umen, zum Wohnungsbau, zur Schaffung von Unterst\u00e4nden oder Garagen, er passt sich Ihren Anforderungen an. Farben je nach Verf\u00fcgbarkeit in unseren Lagern.","robots":{"index":"index","follow":"follow","max-snippet":"max-snippet:-1","max-image-preview":"max-image-preview:large","max-video-preview":"max-video-preview:-1"},"canonical":"https:\/\/sagrinex.com\/produit\/conteneur-20-pieds-dry-occasion\/","og_locale":"de_DE","og_type":"article","og_title":"20 Fu\u00df Trockencontainer \u2013 Gebraucht","og_description":"Der gebrauchte 20-Fu\u00df-Transportcontainer eignet sich ideal f\u00fcr verschiedene Bed\u00fcrfnisse: Ob zum Lagern oder Aufr\u00e4umen, zum Wohnungsbau, zur Schaffung von Unterst\u00e4nden oder Garagen, er passt sich Ihren Anforderungen an. Farben je nach Verf\u00fcgbarkeit in unseren Lagern.","og_url":"https:\/\/sagrinex.com\/produit\/conteneur-20-pieds-dry-occasion\/","og_site_name":"Sagrinex \u2013 Anhaenger, Container &amp; Landtechnik \ud83c\udf3e\ud83d\ude9c","twitter_card":"summary_large_image","twitter_misc":{"Gesch\u00e4tzte Lesezeit":"3\u00a0Minuten"},"schema":{"@context":"https:\/\/schema.org","@graph":[{"@type":"WebPage","@id":"https:\/\/sagrinex.com\/produit\/conteneur-20-pieds-dry-occasion\/","url":"https:\/\/sagrinex.com\/produit\/conteneur-20-pieds-dry-occasion\/","name":"20 Fu\u00df Trockencontainer \u2013 Gebraucht","isPartOf":{"@id":"https:\/\/sagrinex.com\/#website"},"primaryImageOfPage":{"@id":"https:\/\/sagrinex.com\/produit\/conteneur-20-pieds-dry-occasion\/#primaryimage"},"image":{"@id":"https:\/\/sagrinex.com\/produit\/conteneur-20-pieds-dry-occasion\/#primaryimage"},"thumbnailUrl":"https:\/\/sagrinex.com\/wp-content\/uploads\/2026\/03\/Image-80-2.jpeg","datePublished":"2026-03-15T14:27:00+00:00","description":"Der gebrauchte 20-Fu\u00df-Transportcontainer eignet sich ideal f\u00fcr verschiedene Bed\u00fcrfnisse: Ob zum Lagern oder Aufr\u00e4umen, zum Wohnungsbau, zur Schaffung von Unterst\u00e4nden oder Garagen, er passt sich Ihren Anforderungen an. Farben je nach Verf\u00fcgbarkeit in unseren Lagern.","breadcrumb":{"@id":"https:\/\/sagrinex.com\/produit\/conteneur-20-pieds-dry-occasion\/#breadcrumb"},"inLanguage":"de","potentialAction":[{"@type":"ReadAction","target":["https:\/\/sagrinex.com\/produit\/conteneur-20-pieds-dry-occasion\/"]}]},{"@type":"ImageObject","inLanguage":"de","@id":"https:\/\/sagrinex.com\/produit\/conteneur-20-pieds-dry-occasion\/#primaryimage","url":"https:\/\/sagrinex.com\/wp-content\/uploads\/2026\/03\/Image-80-2.jpeg","contentUrl":"https:\/\/sagrinex.com\/wp-content\/uploads\/2026\/03\/Image-80-2.jpeg","width":1080,"height":933},{"@type":"BreadcrumbList","@id":"https:\/\/sagrinex.com\/produit\/conteneur-20-pieds-dry-occasion\/#breadcrumb","itemListElement":[{"@type":"ListItem","position":1,"name":"Accueil","item":"https:\/\/sagrinex.com\/?lang=de"},{"@type":"ListItem","position":2,"name":"Shop","item":"https:\/\/sagrinex.com\/shop\/"},{"@type":"ListItem","position":3,"name":"20 Fu\u00df Trockencontainer \u2013 Gebraucht"}]},{"@type":"WebSite","@id":"https:\/\/sagrinex.com\/#website","url":"https:\/\/sagrinex.com\/","name":"Sagrinex \u2013 Spezialist f\u00fcr Anh\u00e4nger, Container & Landtechnik","description":"Anhaenger, Container &amp; Landtechnik \u2014 Online-Verkauf &amp; kostenloses Angebot","publisher":{"@id":"https:\/\/sagrinex.com\/#organization"},"potentialAction":[{"@type":"SearchAction","target":{"@type":"EntryPoint","urlTemplate":"https:\/\/sagrinex.com\/?s={search_term_string}"},"query-input":{"@type":"PropertyValueSpecification","valueRequired":true,"valueName":"search_term_string"}}],"inLanguage":"de"},{"@type":"Organization","@id":"https:\/\/sagrinex.com\/#organization","name":"Sagrinex \u2013 Remorques, Conteneurs & Mat\u00e9riel Agricole","url":"https:\/\/sagrinex.com\/","logo":{"@type":"ImageObject","inLanguage":"de","@id":"https:\/\/sagrinex.com\/#\/schema\/logo\/image\/","url":"https:\/\/sagrinex.com\/wp-content\/uploads\/2026\/03\/7f1ac463-ef5a-425d-bdd6-a5da03a334a9-1024x683.png","contentUrl":"https:\/\/sagrinex.com\/wp-content\/uploads\/2026\/03\/7f1ac463-ef5a-425d-bdd6-a5da03a334a9-1024x683.png","width":1024,"height":683,"caption":"Sagrinex \u2013 Remorques, Conteneurs & Mat\u00e9riel Agricole"},"image":{"@id":"https:\/\/sagrinex.com\/#\/schema\/logo\/image\/"}}]}},"jetpack_sharing_enabled":true,"_links":{"self":[{"href":"https:\/\/sagrinex.com\/de\/wp-json\/wp\/v2\/product\/14237","targetHints":{"allow":["GET"]}}],"collection":[{"href":"https:\/\/sagrinex.com\/de\/wp-json\/wp\/v2\/product"}],"about":[{"href":"https:\/\/sagrinex.com\/de\/wp-json\/wp\/v2\/types\/product"}],"replies":[{"embeddable":true,"href":"https:\/\/sagrinex.com\/de\/wp-json\/wp\/v2\/comments?post=14237"}],"version-history":[{"count":0,"href":"https:\/\/sagrinex.com\/de\/wp-json\/wp\/v2\/product\/14237\/revisions"}],"wp:featuredmedia":[{"embeddable":true,"href":"https:\/\/sagrinex.com\/de\/wp-json\/wp\/v2\/media\/16158"}],"wp:attachment":[{"href":"https:\/\/sagrinex.com\/de\/wp-json\/wp\/v2\/media?parent=14237"}],"wp:term":[{"taxonomy":"product_brand","embeddable":true,"href":"https:\/\/sagrinex.com\/de\/wp-json\/wp\/v2\/product_brand?post=14237"},{"taxonomy":"product_cat","embeddable":true,"href":"https:\/\/sagrinex.com\/de\/wp-json\/wp\/v2\/product_cat?post=14237"},{"taxonomy":"product_tag","embeddable":true,"href":"https:\/\/sagrinex.com\/de\/wp-json\/wp\/v2\/product_tag?post=14237"}],"curies":[{"name":"wp","href":"https:\/\/api.w.org\/{rel}","templated":true}]}}