{"id":14255,"date":"2026-03-16T10:39:32","date_gmt":"2026-03-16T10:39:32","guid":{"rendered":"https:\/\/sagrinex.com\/produit\/neuer-10-fuss-lagercontainer-gebraucht\/"},"modified":"2026-04-15T21:12:16","modified_gmt":"2026-04-15T21:12:16","slug":"neuer-10-fuss-lagercontainer-gebraucht","status":"publish","type":"product","link":"https:\/\/sagrinex.com\/de\/produit\/neuer-10-fuss-lagercontainer-gebraucht\/","title":{"rendered":"Neuer 10-FUSS-LAGERCONTAINER \u2013 Gebraucht"},"content":{"rendered":"<h1 data-start=\"309\" data-end=\"352\">10 Fu\u00df Lagercontainer \u2013 gebraucht<\/h1>\n<p data-start=\"354\" data-end=\"728\">Unsere gebrauchten 10-Fu\u00df-Lagercontainer sind so konzipiert, dass sie die Anforderungen an eine sichere Lagerung auf Baustellen, in Lagerhallen, in Au\u00dfendepots, auf landwirtschaftlichen Fl\u00e4chen oder zu Hause effektiv erf\u00fcllen.<br data-start=\"580\" data-end=\"583\" \/>Es handelt sich um k\u00fcrzlich gebrauchte Container in sehr gutem Zustand, die eine zuverl\u00e4ssige, langlebige L\u00f6sung bieten, die f\u00fcr den professionellen Einsatz geeignet ist.<\/p>\n<hr data-start=\"730\" data-end=\"733\" \/>\n<h2 data-start=\"735\" data-end=\"761\">Design und Struktur<\/h2>\n<p data-start=\"763\" data-end=\"1340\">Der 10-Fu\u00df-Lagercontainer ruht auf einem robusten Rahmen aus vollst\u00e4ndig geschwei\u00dften Stahlprofilen mit einer Dicke von 3 mm, der eine hervorragende mechanische Best\u00e4ndigkeit und eine lange Lebensdauer garantiert.<br data-start=\"974\" data-end=\"977\" \/>Die W\u00e4nde und die Decke bestehen aus lackiertem, laminiertem Stahlblech mit einer Dicke von 1,5 mm, was f\u00fcr Steifigkeit, Schutz vor Witterungseinfl\u00fcssen und einfache Wartung sorgt.<br data-start=\"1164\" data-end=\"1167\" \/>Der Boden besteht aus 25 mm dickem, feuchtigkeitsbest\u00e4ndigem Massivholz, das gro\u00dfe Lasten tragen und gleichzeitig die gelagerten G\u00fcter sch\u00fctzen kann.<\/p>\n<hr data-start=\"1342\" data-end=\"1345\" \/>\n<h2 data-start=\"1347\" data-end=\"1372\">Sicherheit und Wasserdichtigkeit<\/h2>\n<p data-start=\"1374\" data-end=\"1724\">Der Container ist mit zweifl\u00fcgeligen T\u00fcren ausgestattet, die \u00fcber die gesamte Breite angeordnet sind und den Zugang und die Beladung erleichtern.<br data-start=\"1495\" data-end=\"1498\" \/>Die T\u00fcren sind mit schwarzen Gummidichtungen versehen, die einen optimalen Schutz vor Wasser und Staub gew\u00e4hrleisten.<br data-start=\"1628\" data-end=\"1631\" \/>Ein Verschlussschutz f\u00fcr Vorh\u00e4ngeschl\u00f6sser erh\u00f6ht die Sicherheit vor Diebstahl und Einbr\u00fcche.<\/p>\n<hr data-start=\"1726\" data-end=\"1729\" \/>\n<h2 data-start=\"1731\" data-end=\"1745\">Aufschl\u00fcsselung<\/h2>\n<p data-start=\"1747\" data-end=\"1911\">Um eine gute Luftzirkulation zu gew\u00e4hrleisten und die Kondensation zu begrenzen, ist der Beh\u00e4lter mit 4 Lufteinl\u00e4ssen ausgestattet, die eine effektive nat\u00fcrliche Bel\u00fcftung gew\u00e4hrleisten.<\/p>\n<hr data-start=\"1913\" data-end=\"1916\" \/>\n<h2 data-start=\"1918\" data-end=\"1947\">Handhabung und Umzug<\/h2>\n<p data-start=\"1949\" data-end=\"2033\">Der 10-Fu\u00df-Lagercontainer ist f\u00fcr eine einfache Handhabung konzipiert:<\/p>\n<ul data-start=\"2034\" data-end=\"2242\">\n<li data-start=\"2034\" data-end=\"2116\">\n<p data-start=\"2036\" data-end=\"2116\">Mit dem Kran: dank 4 Dachaufnahmen f\u00fcr Hebehaken oder Hebeb\u00e4nder<\/p>\n<\/li>\n<li data-start=\"2117\" data-end=\"2242\">\n<p data-start=\"2119\" data-end=\"2242\">Mit dem Gabelstapler: Im Sockel integrierter Gabeldurchlass, seitlich angeordnet, mit einem Achsabstand von 90 cm<\/p>\n<\/li>\n<\/ul>\n<p data-start=\"2244\" data-end=\"2335\">Sein Leergewicht betr\u00e4gt ca. 900 kg, was den Transport und die Installation vor Ort erleichtert.<\/p>\n<hr data-start=\"2337\" data-end=\"2340\" \/>\n<h2 data-start=\"2342\" data-end=\"2400\">Abmessungen des 10-Fu\u00df-Lagercontainers \u2013 verwendet<\/h2>\n<div class=\"TyagGW_tableContainer\">\n<div class=\"group TyagGW_tableWrapper flex flex-col-reverse w-fit\">\n<table class=\"w-fit min-w-(--thread-content-width)\" data-start=\"2402\" data-end=\"2783\">\n<thead data-start=\"2402\" data-end=\"2449\">\n<tr data-start=\"2402\" data-end=\"2449\">\n<th data-start=\"2402\" data-end=\"2420\" data-col-size=\"sm\">FEATURE<\/th>\n<th data-start=\"2420\" data-end=\"2449\" data-col-size=\"sm\">UNGEF\u00c4HRE ABMESSUNGEN<\/th>\n<\/tr>\n<\/thead>\n<tbody data-start=\"2497\" data-end=\"2783\">\n<tr data-start=\"2497\" data-end=\"2529\">\n<td data-start=\"2497\" data-end=\"2519\" data-col-size=\"sm\">Innenl\u00e4nge<\/td>\n<td data-start=\"2519\" data-end=\"2529\" data-col-size=\"sm\">2,99 m<\/td>\n<\/tr>\n<tr data-start=\"2530\" data-end=\"2562\">\n<td data-start=\"2530\" data-end=\"2552\" data-col-size=\"sm\">\u00c4u\u00dfere L\u00e4nge<\/td>\n<td data-col-size=\"sm\" data-start=\"2552\" data-end=\"2562\">3,05 m<\/td>\n<\/tr>\n<tr data-start=\"2563\" data-end=\"2594\">\n<td data-start=\"2563\" data-end=\"2584\" data-col-size=\"sm\">Innenbreite<\/td>\n<td data-col-size=\"sm\" data-start=\"2584\" data-end=\"2594\">2,20 m<\/td>\n<\/tr>\n<tr data-start=\"2595\" data-end=\"2626\">\n<td data-start=\"2595\" data-end=\"2616\" data-col-size=\"sm\">Au\u00dfenbreite<\/td>\n<td data-col-size=\"sm\" data-start=\"2616\" data-end=\"2626\">2,25 m<\/td>\n<\/tr>\n<tr data-start=\"2627\" data-end=\"2658\">\n<td data-start=\"2627\" data-end=\"2648\" data-col-size=\"sm\">Innenh\u00f6he<\/td>\n<td data-col-size=\"sm\" data-start=\"2648\" data-end=\"2658\">2,05 m<\/td>\n<\/tr>\n<tr data-start=\"2659\" data-end=\"2690\">\n<td data-start=\"2659\" data-end=\"2680\" data-col-size=\"sm\">Au\u00dfenh\u00f6he<\/td>\n<td data-col-size=\"sm\" data-start=\"2680\" data-end=\"2690\">2,26 m<\/td>\n<\/tr>\n<tr data-start=\"2691\" data-end=\"2723\">\n<td data-start=\"2691\" data-end=\"2712\" data-col-size=\"sm\">Innenfl\u00e4che<\/td>\n<td data-col-size=\"sm\" data-start=\"2712\" data-end=\"2723\">6,57 m\u00b2<\/td>\n<\/tr>\n<tr data-start=\"2724\" data-end=\"2752\">\n<td data-start=\"2724\" data-end=\"2741\" data-col-size=\"sm\">Grundfl\u00e4che<\/td>\n<td data-start=\"2741\" data-end=\"2752\" data-col-size=\"sm\">6,86 m\u00b2<\/td>\n<\/tr>\n<tr data-start=\"2753\" data-end=\"2783\">\n<td data-start=\"2753\" data-end=\"2772\" data-col-size=\"sm\">Innenvolumen<\/td>\n<td data-start=\"2772\" data-end=\"2783\" data-col-size=\"sm\">13,5 m\u00b3<\/td>\n<\/tr>\n<\/tbody>\n<\/table>\n<\/div>\n<\/div>\n<hr data-start=\"2785\" data-end=\"2788\" \/>\n<h2 data-start=\"2790\" data-end=\"2831\">Detaillierte technische Spezifikationen<\/h2>\n<h3 data-start=\"2833\" data-end=\"2845\">Frame<\/h3>\n<ul data-start=\"2846\" data-end=\"3069\">\n<li data-start=\"2846\" data-end=\"2908\">\n<p data-start=\"2848\" data-end=\"2908\"><strong data-start=\"2848\" data-end=\"2861\">Material:<\/strong> Vollst\u00e4ndig verschwei\u00dfte und lackierte Stahlprofile<\/p>\n<\/li>\n<li data-start=\"2909\" data-end=\"2933\">\n<p data-start=\"2911\" data-end=\"2933\"><strong data-start=\"2911\" data-end=\"2926\">Dicke:<\/strong> 3 mm<\/p>\n<\/li>\n<li data-start=\"2934\" data-end=\"3005\">\n<p data-start=\"2936\" data-end=\"3005\"><strong data-start=\"2936\" data-end=\"2949\">Farbe:<\/strong> Wei\u00df RAL 9010 oder Anthrazitgrau RAL 7016 (nach Wahl)<\/p>\n<\/li>\n<li data-start=\"3006\" data-end=\"3069\">\n<p data-start=\"3008\" data-end=\"3069\"><strong data-start=\"3008\" data-end=\"3025\">Handhabung:<\/strong> 4 Dachanschl\u00fcsse + Gabeldurchgang<\/p>\n<\/li>\n<\/ul>\n<h3 data-start=\"3071\" data-end=\"3092\">W\u00e4nde und Decke<\/h3>\n<ul data-start=\"3093\" data-end=\"3235\">\n<li data-start=\"3093\" data-end=\"3138\">\n<p data-start=\"3095\" data-end=\"3138\"><strong data-start=\"3095\" data-end=\"3108\">Material:<\/strong> Lackiertes laminiertes Stahlblech<\/p>\n<\/li>\n<li data-start=\"3139\" data-end=\"3165\">\n<p data-start=\"3141\" data-end=\"3165\"><strong data-start=\"3141\" data-end=\"3156\">Dicke:<\/strong> 1,5 mm<\/p>\n<\/li>\n<li data-start=\"3166\" data-end=\"3198\">\n<p data-start=\"3168\" data-end=\"3198\"><strong data-start=\"3168\" data-end=\"3181\">Farbe:<\/strong> Wei\u00df RAL 9010<\/p>\n<\/li>\n<li data-start=\"3199\" data-end=\"3235\">\n<p data-start=\"3201\" data-end=\"3235\"><strong data-start=\"3201\" data-end=\"3218\">Bel\u00fcftung:<\/strong> 4 Lufteinl\u00e4sse<\/p>\n<\/li>\n<\/ul>\n<h3 data-start=\"3237\" data-end=\"3247\">T\u00fcren<\/h3>\n<ul data-start=\"3248\" data-end=\"3459\">\n<li data-start=\"3248\" data-end=\"3292\">\n<p data-start=\"3250\" data-end=\"3292\"><strong data-start=\"3250\" data-end=\"3263\">Material:<\/strong> Wei\u00df lackierter Stahl RAL 9010<\/p>\n<\/li>\n<li data-start=\"3293\" data-end=\"3329\">\n<p data-start=\"3295\" data-end=\"3329\"><strong data-start=\"3295\" data-end=\"3312\">Standort:<\/strong> In der gesamten Breite<\/p>\n<\/li>\n<li data-start=\"3330\" data-end=\"3360\">\n<p data-start=\"3332\" data-end=\"3360\"><strong data-start=\"3332\" data-end=\"3356\">Anzahl der Bl\u00e4tter:<\/strong> 2<\/p>\n<\/li>\n<li data-start=\"3361\" data-end=\"3407\">\n<p data-start=\"3363\" data-end=\"3407\"><strong data-start=\"3363\" data-end=\"3379\">Wasserdichtigkeit:<\/strong> Schwarze Gummidichtungen<\/p>\n<\/li>\n<li data-start=\"3408\" data-end=\"3459\">\n<p data-start=\"3410\" data-end=\"3459\"><strong data-start=\"3410\" data-end=\"3424\">Sicherheit:<\/strong> Schutzverschluss f\u00fcr Vorh\u00e4ngeschloss<\/p>\n<\/li>\n<\/ul>\n<h3 data-start=\"3461\" data-end=\"3473\">Boden<\/h3>\n<ul data-start=\"3474\" data-end=\"3588\">\n<li data-start=\"3474\" data-end=\"3524\">\n<p data-start=\"3476\" data-end=\"3524\"><strong data-start=\"3476\" data-end=\"3489\">Material:<\/strong> Massivholz mit Anti-Feuchtigkeits-Behandlung<\/p>\n<\/li>\n<li data-start=\"3525\" data-end=\"3550\">\n<p data-start=\"3527\" data-end=\"3550\"><strong data-start=\"3527\" data-end=\"3542\">Dicke:<\/strong> 25 mm<\/p>\n<\/li>\n<li data-start=\"3551\" data-end=\"3588\">\n<p data-start=\"3553\" data-end=\"3588\"><strong data-start=\"3553\" data-end=\"3576\">Zul\u00e4ssige Belastung:<\/strong> 700 kg\/m\u00b2<\/p>\n<\/li>\n<\/ul>\n<hr data-start=\"3590\" data-end=\"3593\" \/>\n<h2 data-start=\"3595\" data-end=\"3606\">Kapazit\u00e4t<\/h2>\n<ul data-start=\"3607\" data-end=\"3743\">\n<li data-start=\"3607\" data-end=\"3641\">\n<p data-start=\"3609\" data-end=\"3641\"><strong data-start=\"3609\" data-end=\"3630\">Maximale Belastung:<\/strong> 2.500 kg<\/p>\n<\/li>\n<li data-start=\"3642\" data-end=\"3676\">\n<p data-start=\"3644\" data-end=\"3676\"><strong data-start=\"3644\" data-end=\"3666\">Innenvolumen:<\/strong> 13,5 m\u00b3<\/p>\n<\/li>\n<li data-start=\"3677\" data-end=\"3743\">\n<p data-start=\"3679\" data-end=\"3743\"><strong data-start=\"3679\" data-end=\"3700\">Europ\u00e4ische Paletten:<\/strong> 6 (Standardsch\u00e4tzung f\u00fcr eine 10-Fu\u00df-Palette)<\/p>\n<\/li>\n<\/ul>\n<hr data-start=\"3745\" data-end=\"3748\" \/>\n<h2 data-start=\"3750\" data-end=\"3772\">Verf\u00fcgbare Optionen<\/h2>\n<ul data-start=\"3773\" data-end=\"3993\">\n<li data-start=\"3773\" data-end=\"3904\">\n<p data-start=\"3775\" data-end=\"3904\">Komplette Elektroinstallation (1 Schalter, 1 LED-Neon, 2 Steckdosen, Schalttafel und Anschlusskasten)<\/p>\n<\/li>\n<li data-start=\"3905\" data-end=\"3923\">\n<p data-start=\"3907\" data-end=\"3923\">Stahlboden<\/p>\n<\/li>\n<li data-start=\"3924\" data-end=\"3969\">\n<p data-start=\"3926\" data-end=\"3969\">Spezifische Farben gem\u00e4\u00df der RAL-Palette<\/p>\n<\/li>\n<li data-start=\"3970\" data-end=\"3993\">\n<p data-start=\"3972\" data-end=\"3993\">Sicherheitsvorh\u00e4ngeschloss<\/p>\n<\/li>\n<\/ul>\n","protected":false},"excerpt":{"rendered":"<p>K\u00fcrzlich verwendeter 10-Fu\u00df-Transportcontainer aus Cortenstahl f\u00fcr die sichere Lagerung von G\u00fctern und Ger\u00e4ten. Seine Struktur ist robust mit gewellten Metallw\u00e4nden und einem Boden aus Stahl oder behandeltem Marine-Sperrholz, best\u00e4ndig gegen Feuchtigkeit. Ausgestattet mit zweifl\u00fcgeligen Fl\u00fcgelt\u00fcren mit verst\u00e4rktem Schlie\u00dfsystem, wasser- und luftdicht, geeignet f\u00fcr professionelle, logistische oder leichte Montageanwendungen.<\/p>\n","protected":false},"featured_media":16321,"comment_status":"open","ping_status":"closed","template":"","meta":[],"product_brand":[],"product_cat":[351,347],"product_tag":[],"class_list":{"0":"post-14255","1":"product","2":"type-product","3":"status-publish","4":"has-post-thumbnail","6":"product_cat-standardspeicher","7":"product_cat-unsere-container","9":"first","10":"instock","11":"shipping-taxable","12":"purchasable","13":"product-type-simple"},"yoast_head":"<!-- This site is optimized with the Yoast SEO plugin v27.5 - https:\/\/yoast.com\/product\/yoast-seo-wordpress\/ -->\n<title>NEUER 10-FUSS-LAGERCONTAINER<\/title>\n<meta name=\"description\" content=\"K\u00fcrzlich verwendeter 10-Fu\u00df-Transportcontainer aus Cortenstahl f\u00fcr die sichere Lagerung von G\u00fctern und Ger\u00e4ten. Seine Struktur ist robust mit gewellten Metallw\u00e4nden und einem Boden aus Stahl oder behandeltem Marine-Sperrholz, best\u00e4ndig gegen Feuchtigkeit. Ausgestattet mit zweifl\u00fcgeligen Fl\u00fcgelt\u00fcren mit verst\u00e4rktem Schlie\u00dfsystem, wasser- und luftdicht, geeignet f\u00fcr professionelle, logistische oder leichte Montageanwendungen.\" \/>\n<meta name=\"robots\" content=\"index, follow, max-snippet:-1, max-image-preview:large, max-video-preview:-1\" \/>\n<link rel=\"canonical\" href=\"https:\/\/sagrinex.com\/produit\/conteneur-de-stockage-neuf-10-pieds-occasion\/\" \/>\n<meta property=\"og:locale\" content=\"de_DE\" \/>\n<meta property=\"og:type\" content=\"article\" \/>\n<meta property=\"og:title\" content=\"NEUER 10-FUSS-LAGERCONTAINER\" \/>\n<meta property=\"og:description\" content=\"K\u00fcrzlich verwendeter 10-Fu\u00df-Transportcontainer aus Cortenstahl f\u00fcr die sichere Lagerung von G\u00fctern und Ger\u00e4ten. Seine Struktur ist robust mit gewellten Metallw\u00e4nden und einem Boden aus Stahl oder behandeltem Marine-Sperrholz, best\u00e4ndig gegen Feuchtigkeit. Ausgestattet mit zweifl\u00fcgeligen Fl\u00fcgelt\u00fcren mit verst\u00e4rktem Schlie\u00dfsystem, wasser- und luftdicht, geeignet f\u00fcr professionelle, logistische oder leichte Montageanwendungen.\" \/>\n<meta property=\"og:url\" content=\"https:\/\/sagrinex.com\/produit\/conteneur-de-stockage-neuf-10-pieds-occasion\/\" \/>\n<meta property=\"og:site_name\" content=\"Sagrinex \u2013 Anhaenger, Container &amp; Landtechnik \ud83c\udf3e\ud83d\ude9c\" \/>\n<meta property=\"article:modified_time\" content=\"2026-04-15T21:12:16+00:00\" \/>\n<meta property=\"og:image\" content=\"https:\/\/sagrinex.com\/wp-content\/uploads\/2026\/03\/Image-279-2.jpeg\" \/>\n\t<meta property=\"og:image:width\" content=\"450\" \/>\n\t<meta property=\"og:image:height\" content=\"600\" \/>\n\t<meta property=\"og:image:type\" content=\"image\/jpeg\" \/>\n<meta name=\"twitter:card\" content=\"summary_large_image\" \/>\n<meta name=\"twitter:label1\" content=\"Gesch\u00e4tzte Lesezeit\" \/>\n\t<meta name=\"twitter:data1\" content=\"2\u00a0Minuten\" \/>\n<script type=\"application\/ld+json\" class=\"yoast-schema-graph\">{\"@context\":\"https:\\\/\\\/schema.org\",\"@graph\":[{\"@type\":\"WebPage\",\"@id\":\"https:\\\/\\\/sagrinex.com\\\/produit\\\/conteneur-de-stockage-neuf-10-pieds-occasion\\\/\",\"url\":\"https:\\\/\\\/sagrinex.com\\\/produit\\\/conteneur-de-stockage-neuf-10-pieds-occasion\\\/\",\"name\":\"NEUER 10-FUSS-LAGERCONTAINER\",\"isPartOf\":{\"@id\":\"https:\\\/\\\/sagrinex.com\\\/#website\"},\"primaryImageOfPage\":{\"@id\":\"https:\\\/\\\/sagrinex.com\\\/produit\\\/conteneur-de-stockage-neuf-10-pieds-occasion\\\/#primaryimage\"},\"image\":{\"@id\":\"https:\\\/\\\/sagrinex.com\\\/produit\\\/conteneur-de-stockage-neuf-10-pieds-occasion\\\/#primaryimage\"},\"thumbnailUrl\":\"https:\\\/\\\/sagrinex.com\\\/wp-content\\\/uploads\\\/2026\\\/03\\\/Image-279-2.jpeg\",\"datePublished\":\"2026-03-16T10:39:32+00:00\",\"dateModified\":\"2026-04-15T21:12:16+00:00\",\"description\":\"K\u00fcrzlich verwendeter 10-Fu\u00df-Transportcontainer aus Cortenstahl f\u00fcr die sichere Lagerung von G\u00fctern und Ger\u00e4ten. Seine Struktur ist robust mit gewellten Metallw\u00e4nden und einem Boden aus Stahl oder behandeltem Marine-Sperrholz, best\u00e4ndig gegen Feuchtigkeit. Ausgestattet mit zweifl\u00fcgeligen Fl\u00fcgelt\u00fcren mit verst\u00e4rktem Schlie\u00dfsystem, wasser- und luftdicht, geeignet f\u00fcr professionelle, logistische oder leichte Montageanwendungen.\",\"breadcrumb\":{\"@id\":\"https:\\\/\\\/sagrinex.com\\\/produit\\\/conteneur-de-stockage-neuf-10-pieds-occasion\\\/#breadcrumb\"},\"inLanguage\":\"de\",\"potentialAction\":[{\"@type\":\"ReadAction\",\"target\":[\"https:\\\/\\\/sagrinex.com\\\/produit\\\/conteneur-de-stockage-neuf-10-pieds-occasion\\\/\"]}]},{\"@type\":\"ImageObject\",\"inLanguage\":\"de\",\"@id\":\"https:\\\/\\\/sagrinex.com\\\/produit\\\/conteneur-de-stockage-neuf-10-pieds-occasion\\\/#primaryimage\",\"url\":\"https:\\\/\\\/sagrinex.com\\\/wp-content\\\/uploads\\\/2026\\\/03\\\/Image-279-2.jpeg\",\"contentUrl\":\"https:\\\/\\\/sagrinex.com\\\/wp-content\\\/uploads\\\/2026\\\/03\\\/Image-279-2.jpeg\",\"width\":450,\"height\":600},{\"@type\":\"BreadcrumbList\",\"@id\":\"https:\\\/\\\/sagrinex.com\\\/produit\\\/conteneur-de-stockage-neuf-10-pieds-occasion\\\/#breadcrumb\",\"itemListElement\":[{\"@type\":\"ListItem\",\"position\":1,\"name\":\"Accueil\",\"item\":\"https:\\\/\\\/sagrinex.com\\\/?lang=de\"},{\"@type\":\"ListItem\",\"position\":2,\"name\":\"Shop\",\"item\":\"https:\\\/\\\/sagrinex.com\\\/shop\\\/\"},{\"@type\":\"ListItem\",\"position\":3,\"name\":\"Neuer 10-FUSS-LAGERCONTAINER \u2013 Gebraucht\"}]},{\"@type\":\"WebSite\",\"@id\":\"https:\\\/\\\/sagrinex.com\\\/#website\",\"url\":\"https:\\\/\\\/sagrinex.com\\\/\",\"name\":\"Sagrinex \u2013 Spezialist f\u00fcr Anh\u00e4nger, Container & Landtechnik\",\"description\":\"Anhaenger, Container &amp; Landtechnik \u2014 Online-Verkauf &amp; kostenloses Angebot\",\"publisher\":{\"@id\":\"https:\\\/\\\/sagrinex.com\\\/#organization\"},\"potentialAction\":[{\"@type\":\"SearchAction\",\"target\":{\"@type\":\"EntryPoint\",\"urlTemplate\":\"https:\\\/\\\/sagrinex.com\\\/?s={search_term_string}\"},\"query-input\":{\"@type\":\"PropertyValueSpecification\",\"valueRequired\":true,\"valueName\":\"search_term_string\"}}],\"inLanguage\":\"de\"},{\"@type\":\"Organization\",\"@id\":\"https:\\\/\\\/sagrinex.com\\\/#organization\",\"name\":\"Sagrinex \u2013 Remorques, Conteneurs & Mat\u00e9riel Agricole\",\"url\":\"https:\\\/\\\/sagrinex.com\\\/\",\"logo\":{\"@type\":\"ImageObject\",\"inLanguage\":\"de\",\"@id\":\"https:\\\/\\\/sagrinex.com\\\/#\\\/schema\\\/logo\\\/image\\\/\",\"url\":\"https:\\\/\\\/sagrinex.com\\\/wp-content\\\/uploads\\\/2026\\\/03\\\/7f1ac463-ef5a-425d-bdd6-a5da03a334a9-1024x683.png\",\"contentUrl\":\"https:\\\/\\\/sagrinex.com\\\/wp-content\\\/uploads\\\/2026\\\/03\\\/7f1ac463-ef5a-425d-bdd6-a5da03a334a9-1024x683.png\",\"width\":1024,\"height\":683,\"caption\":\"Sagrinex \u2013 Remorques, Conteneurs & Mat\u00e9riel Agricole\"},\"image\":{\"@id\":\"https:\\\/\\\/sagrinex.com\\\/#\\\/schema\\\/logo\\\/image\\\/\"}}]}<\/script>\n<!-- \/ Yoast SEO plugin. -->","yoast_head_json":{"title":"NEUER 10-FUSS-LAGERCONTAINER","description":"K\u00fcrzlich verwendeter 10-Fu\u00df-Transportcontainer aus Cortenstahl f\u00fcr die sichere Lagerung von G\u00fctern und Ger\u00e4ten. Seine Struktur ist robust mit gewellten Metallw\u00e4nden und einem Boden aus Stahl oder behandeltem Marine-Sperrholz, best\u00e4ndig gegen Feuchtigkeit. Ausgestattet mit zweifl\u00fcgeligen Fl\u00fcgelt\u00fcren mit verst\u00e4rktem Schlie\u00dfsystem, wasser- und luftdicht, geeignet f\u00fcr professionelle, logistische oder leichte Montageanwendungen.","robots":{"index":"index","follow":"follow","max-snippet":"max-snippet:-1","max-image-preview":"max-image-preview:large","max-video-preview":"max-video-preview:-1"},"canonical":"https:\/\/sagrinex.com\/produit\/conteneur-de-stockage-neuf-10-pieds-occasion\/","og_locale":"de_DE","og_type":"article","og_title":"NEUER 10-FUSS-LAGERCONTAINER","og_description":"K\u00fcrzlich verwendeter 10-Fu\u00df-Transportcontainer aus Cortenstahl f\u00fcr die sichere Lagerung von G\u00fctern und Ger\u00e4ten. Seine Struktur ist robust mit gewellten Metallw\u00e4nden und einem Boden aus Stahl oder behandeltem Marine-Sperrholz, best\u00e4ndig gegen Feuchtigkeit. Ausgestattet mit zweifl\u00fcgeligen Fl\u00fcgelt\u00fcren mit verst\u00e4rktem Schlie\u00dfsystem, wasser- und luftdicht, geeignet f\u00fcr professionelle, logistische oder leichte Montageanwendungen.","og_url":"https:\/\/sagrinex.com\/produit\/conteneur-de-stockage-neuf-10-pieds-occasion\/","og_site_name":"Sagrinex \u2013 Anhaenger, Container &amp; Landtechnik \ud83c\udf3e\ud83d\ude9c","article_modified_time":"2026-04-15T21:12:16+00:00","og_image":[{"width":450,"height":600,"url":"https:\/\/sagrinex.com\/wp-content\/uploads\/2026\/03\/Image-279-2.jpeg","type":"image\/jpeg"}],"twitter_card":"summary_large_image","twitter_misc":{"Gesch\u00e4tzte Lesezeit":"2\u00a0Minuten"},"schema":{"@context":"https:\/\/schema.org","@graph":[{"@type":"WebPage","@id":"https:\/\/sagrinex.com\/produit\/conteneur-de-stockage-neuf-10-pieds-occasion\/","url":"https:\/\/sagrinex.com\/produit\/conteneur-de-stockage-neuf-10-pieds-occasion\/","name":"NEUER 10-FUSS-LAGERCONTAINER","isPartOf":{"@id":"https:\/\/sagrinex.com\/#website"},"primaryImageOfPage":{"@id":"https:\/\/sagrinex.com\/produit\/conteneur-de-stockage-neuf-10-pieds-occasion\/#primaryimage"},"image":{"@id":"https:\/\/sagrinex.com\/produit\/conteneur-de-stockage-neuf-10-pieds-occasion\/#primaryimage"},"thumbnailUrl":"https:\/\/sagrinex.com\/wp-content\/uploads\/2026\/03\/Image-279-2.jpeg","datePublished":"2026-03-16T10:39:32+00:00","dateModified":"2026-04-15T21:12:16+00:00","description":"K\u00fcrzlich verwendeter 10-Fu\u00df-Transportcontainer aus Cortenstahl f\u00fcr die sichere Lagerung von G\u00fctern und Ger\u00e4ten. Seine Struktur ist robust mit gewellten Metallw\u00e4nden und einem Boden aus Stahl oder behandeltem Marine-Sperrholz, best\u00e4ndig gegen Feuchtigkeit. Ausgestattet mit zweifl\u00fcgeligen Fl\u00fcgelt\u00fcren mit verst\u00e4rktem Schlie\u00dfsystem, wasser- und luftdicht, geeignet f\u00fcr professionelle, logistische oder leichte Montageanwendungen.","breadcrumb":{"@id":"https:\/\/sagrinex.com\/produit\/conteneur-de-stockage-neuf-10-pieds-occasion\/#breadcrumb"},"inLanguage":"de","potentialAction":[{"@type":"ReadAction","target":["https:\/\/sagrinex.com\/produit\/conteneur-de-stockage-neuf-10-pieds-occasion\/"]}]},{"@type":"ImageObject","inLanguage":"de","@id":"https:\/\/sagrinex.com\/produit\/conteneur-de-stockage-neuf-10-pieds-occasion\/#primaryimage","url":"https:\/\/sagrinex.com\/wp-content\/uploads\/2026\/03\/Image-279-2.jpeg","contentUrl":"https:\/\/sagrinex.com\/wp-content\/uploads\/2026\/03\/Image-279-2.jpeg","width":450,"height":600},{"@type":"BreadcrumbList","@id":"https:\/\/sagrinex.com\/produit\/conteneur-de-stockage-neuf-10-pieds-occasion\/#breadcrumb","itemListElement":[{"@type":"ListItem","position":1,"name":"Accueil","item":"https:\/\/sagrinex.com\/?lang=de"},{"@type":"ListItem","position":2,"name":"Shop","item":"https:\/\/sagrinex.com\/shop\/"},{"@type":"ListItem","position":3,"name":"Neuer 10-FUSS-LAGERCONTAINER \u2013 Gebraucht"}]},{"@type":"WebSite","@id":"https:\/\/sagrinex.com\/#website","url":"https:\/\/sagrinex.com\/","name":"Sagrinex \u2013 Spezialist f\u00fcr Anh\u00e4nger, Container & Landtechnik","description":"Anhaenger, Container &amp; Landtechnik \u2014 Online-Verkauf &amp; kostenloses Angebot","publisher":{"@id":"https:\/\/sagrinex.com\/#organization"},"potentialAction":[{"@type":"SearchAction","target":{"@type":"EntryPoint","urlTemplate":"https:\/\/sagrinex.com\/?s={search_term_string}"},"query-input":{"@type":"PropertyValueSpecification","valueRequired":true,"valueName":"search_term_string"}}],"inLanguage":"de"},{"@type":"Organization","@id":"https:\/\/sagrinex.com\/#organization","name":"Sagrinex \u2013 Remorques, Conteneurs & Mat\u00e9riel Agricole","url":"https:\/\/sagrinex.com\/","logo":{"@type":"ImageObject","inLanguage":"de","@id":"https:\/\/sagrinex.com\/#\/schema\/logo\/image\/","url":"https:\/\/sagrinex.com\/wp-content\/uploads\/2026\/03\/7f1ac463-ef5a-425d-bdd6-a5da03a334a9-1024x683.png","contentUrl":"https:\/\/sagrinex.com\/wp-content\/uploads\/2026\/03\/7f1ac463-ef5a-425d-bdd6-a5da03a334a9-1024x683.png","width":1024,"height":683,"caption":"Sagrinex \u2013 Remorques, Conteneurs & Mat\u00e9riel Agricole"},"image":{"@id":"https:\/\/sagrinex.com\/#\/schema\/logo\/image\/"}}]}},"jetpack_sharing_enabled":true,"_links":{"self":[{"href":"https:\/\/sagrinex.com\/de\/wp-json\/wp\/v2\/product\/14255","targetHints":{"allow":["GET"]}}],"collection":[{"href":"https:\/\/sagrinex.com\/de\/wp-json\/wp\/v2\/product"}],"about":[{"href":"https:\/\/sagrinex.com\/de\/wp-json\/wp\/v2\/types\/product"}],"replies":[{"embeddable":true,"href":"https:\/\/sagrinex.com\/de\/wp-json\/wp\/v2\/comments?post=14255"}],"version-history":[{"count":0,"href":"https:\/\/sagrinex.com\/de\/wp-json\/wp\/v2\/product\/14255\/revisions"}],"wp:featuredmedia":[{"embeddable":true,"href":"https:\/\/sagrinex.com\/de\/wp-json\/wp\/v2\/media\/16321"}],"wp:attachment":[{"href":"https:\/\/sagrinex.com\/de\/wp-json\/wp\/v2\/media?parent=14255"}],"wp:term":[{"taxonomy":"product_brand","embeddable":true,"href":"https:\/\/sagrinex.com\/de\/wp-json\/wp\/v2\/product_brand?post=14255"},{"taxonomy":"product_cat","embeddable":true,"href":"https:\/\/sagrinex.com\/de\/wp-json\/wp\/v2\/product_cat?post=14255"},{"taxonomy":"product_tag","embeddable":true,"href":"https:\/\/sagrinex.com\/de\/wp-json\/wp\/v2\/product_tag?post=14255"}],"curies":[{"name":"wp","href":"https:\/\/api.w.org\/{rel}","templated":true}]}}