{"id":14293,"date":"2026-03-15T19:14:23","date_gmt":"2026-03-15T19:14:23","guid":{"rendered":"https:\/\/sagrinex.com\/produit\/20-fuss-lagercontainer-mit-sektionaler-garagentoroeffnung\/"},"modified":"2026-04-15T21:12:17","modified_gmt":"2026-04-15T21:12:17","slug":"20-fuss-lagercontainer-mit-sektionaler-garagentoroeffnung","status":"publish","type":"product","link":"https:\/\/sagrinex.com\/de\/produit\/20-fuss-lagercontainer-mit-sektionaler-garagentoroeffnung\/","title":{"rendered":"20-fu\u00df-lagercontainer mit Sektionaler Garagentor\u00f6ffnung"},"content":{"rendered":"<h1 data-start=\"160\" data-end=\"233\"><strong data-start=\"162\" data-end=\"233\">20 Fu\u00df Container mit Sektionaltor (RAL 9010)<\/strong><\/h1>\n<p data-start=\"235\" data-end=\"568\">Dieser 20-Fu\u00df-Container ist die ideale L\u00f6sung f\u00fcr sichere Lagerung, Layout oder professionellen Einsatz, der einen breiten und praktischen Zugang erfordert. Ausgestattet mit einem <strong data-start=\"409\" data-end=\"455\">High-End-Garagen-Sektionaltor<\/strong> bietet es unvergleichlichen \u00d6ffnungskomfort, au\u00dfergew\u00f6hnliche Widerstandsf\u00e4higkeit und ein hochwertiges \u00e4sthetisches Finish.<\/p>\n<p data-start=\"570\" data-end=\"863\">Hergestellt aus verst\u00e4rktem Stahl, neu lackiert in <strong data-start=\"609\" data-end=\"631\">RAL 9010 Reinwei\u00df<\/strong> und mit hoher Best\u00e4ndigkeit gegen Witterungseinfl\u00fcsse, Korrosion und UV-Strahlung vereint dieser Beh\u00e4lter Haltbarkeit und Funktionalit\u00e4t. Perfekt f\u00fcr Handwerker, Bauunternehmen, Garagen, Lagerr\u00e4ume oder Logistikfl\u00e4chen.<\/p>\n<hr data-start=\"865\" data-end=\"868\" \/>\n<h2 data-start=\"870\" data-end=\"919\">\ud83d\udd27 <strong data-start=\"876\" data-end=\"919\">Wichtige technische Spezifikationen<\/strong><\/h2>\n<h3 data-start=\"921\" data-end=\"950\"><strong data-start=\"925\" data-end=\"950\">Struktur und Materialien<\/strong><\/h3>\n<ul data-start=\"951\" data-end=\"1254\">\n<li data-start=\"951\" data-end=\"1010\">\n<p data-start=\"953\" data-end=\"1010\">Robuste Konstruktion aus <strong data-start=\"977\" data-end=\"1010\">geschwei\u00dften Stahlprofilen 2\u20133 mm<\/strong><\/p>\n<\/li>\n<li data-start=\"1011\" data-end=\"1055\">\n<p data-start=\"1013\" data-end=\"1055\">Schneewiderstand am Boden: <strong data-start=\"1039\" data-end=\"1055\">Sk 2,5 kN\/m\u00b2<\/strong><\/p>\n<\/li>\n<li data-start=\"1056\" data-end=\"1205\">\n<p data-start=\"1058\" data-end=\"1103\">Beh\u00e4lter mit Industriefarbe behandelt:<\/p>\n<ul data-start=\"1106\" data-end=\"1205\">\n<li data-start=\"1106\" data-end=\"1151\">\n<p data-start=\"1108\" data-end=\"1151\"><strong data-start=\"1108\" data-end=\"1131\">Kathode prim\u00e4r<\/strong>, 20 \u03bcm (minimal 15 \u03bcm)<\/p>\n<\/li>\n<li data-start=\"1154\" data-end=\"1205\">\n<p data-start=\"1156\" data-end=\"1205\"><strong data-start=\"1156\" data-end=\"1185\">Polyester-Pulverfarbe<\/strong>, 70 \u03bcm (mini 60 \u03bcm)<\/p>\n<\/li>\n<\/ul>\n<\/li>\n<li data-start=\"1206\" data-end=\"1254\">\n<p data-start=\"1208\" data-end=\"1254\">UV-Schutz, hohe Korrosionsbest\u00e4ndigkeit<\/p>\n<\/li>\n<\/ul>\n<h3 data-start=\"1256\" data-end=\"1292\"><strong data-start=\"1260\" data-end=\"1292\">Sektionaltor f\u00fcr Garage<\/strong><\/h3>\n<ul data-start=\"1293\" data-end=\"1428\">\n<li data-start=\"1293\" data-end=\"1320\">\n<p data-start=\"1295\" data-end=\"1320\">Reibungsloses manuelles \u00d6ffnen<\/p>\n<\/li>\n<li data-start=\"1321\" data-end=\"1355\">\n<p data-start=\"1323\" data-end=\"1355\">Farbe: <strong data-start=\"1333\" data-end=\"1355\">RAL 9010 Reinwei\u00df<\/strong><\/p>\n<\/li>\n<li data-start=\"1356\" data-end=\"1385\">\n<p data-start=\"1358\" data-end=\"1385\">Pulverbeschichtete Stahlplatten<\/p>\n<\/li>\n<li data-start=\"1386\" data-end=\"1428\">\n<p data-start=\"1388\" data-end=\"1428\">Gro\u00dfe mechanische Widerstandsf\u00e4higkeit und Stabilit\u00e4t<\/p>\n<\/li>\n<\/ul>\n<h3 data-start=\"1430\" data-end=\"1460\"><strong data-start=\"1434\" data-end=\"1460\">Boden & Handhabung<\/strong><\/h3>\n<ul data-start=\"1461\" data-end=\"1607\">\n<li data-start=\"1461\" data-end=\"1503\">\n<p data-start=\"1463\" data-end=\"1503\">Boden aus <strong data-start=\"1475\" data-end=\"1503\">21 mm lackiertem Sperrholz<\/strong><\/p>\n<\/li>\n<li data-start=\"1504\" data-end=\"1548\">\n<p data-start=\"1506\" data-end=\"1548\">Mittiger Gabelabstand: <strong data-start=\"1537\" data-end=\"1548\">2050 mm<\/strong><\/p>\n<\/li>\n<li data-start=\"1549\" data-end=\"1607\">\n<p data-start=\"1551\" data-end=\"1607\">M\u00f6gliche Handhabung: <strong data-start=\"1574\" data-end=\"1582\">Kran<\/strong> oder <strong data-start=\"1586\" data-end=\"1607\">Gabelstapler<\/strong><\/p>\n<\/li>\n<\/ul>\n<hr data-start=\"1609\" data-end=\"1612\" \/>\n<h2 data-start=\"1614\" data-end=\"1634\">\ud83d\udccf <strong data-start=\"1620\" data-end=\"1634\">Abmessungen<\/strong><\/h2>\n<ul data-start=\"1635\" data-end=\"1795\">\n<li data-start=\"1635\" data-end=\"1678\">\n<p data-start=\"1637\" data-end=\"1678\"><strong data-start=\"1637\" data-end=\"1654\">Au\u00dfen:<\/strong> 6058 \u00d7 2438 \u00d7 2591 mm<\/p>\n<\/li>\n<li data-start=\"1679\" data-end=\"1718\">\n<p data-start=\"1681\" data-end=\"1718\"><strong data-start=\"1681\" data-end=\"1707\">Ladevolumen:<\/strong> 15,76 m\u00b3<\/p>\n<\/li>\n<li data-start=\"1719\" data-end=\"1749\">\n<p data-start=\"1721\" data-end=\"1749\"><strong data-start=\"1721\" data-end=\"1739\">Leergewicht:<\/strong> 1226 kg<\/p>\n<\/li>\n<li data-start=\"1750\" data-end=\"1795\">\n<p data-start=\"1752\" data-end=\"1795\"><strong data-start=\"1752\" data-end=\"1779\">Maximale Nutzlast:<\/strong> <strong data-start=\"1780\" data-end=\"1793\">10.000 kg<\/strong><\/p>\n<\/li>\n<\/ul>\n<hr data-start=\"1797\" data-end=\"1800\" \/>\n<h2 data-start=\"1802\" data-end=\"1830\">\u2b50 <strong data-start=\"1807\" data-end=\"1830\">Vorteile und Verwendungsm\u00f6glichkeiten<\/strong><\/h2>\n<ul data-start=\"1831\" data-end=\"2160\">\n<li data-start=\"1831\" data-end=\"1890\">\n<p data-start=\"1833\" data-end=\"1890\">Gro\u00dfe Front\u00f6ffnung dank Sektionaltor<\/p>\n<\/li>\n<li data-start=\"1891\" data-end=\"1954\">\n<p data-start=\"1893\" data-end=\"1954\">Au\u00dfergew\u00f6hnliche Witterungs- und Korrosionsbest\u00e4ndigkeit<\/p>\n<\/li>\n<li data-start=\"1955\" data-end=\"2104\">\n<p data-start=\"1957\" data-end=\"1969\">Ideal f\u00fcr:<\/p>\n<ul data-start=\"1972\" data-end=\"2104\">\n<li data-start=\"1972\" data-end=\"1993\">\n<p data-start=\"1974\" data-end=\"1993\">Sicherer Speicher<\/p>\n<\/li>\n<li data-start=\"1996\" data-end=\"2032\">\n<p data-start=\"1998\" data-end=\"2032\">Werkstatt, Garage, Technikraum<\/p>\n<\/li>\n<li data-start=\"2035\" data-end=\"2064\">\n<p data-start=\"2037\" data-end=\"2064\">Professionelles Layout<\/p>\n<\/li>\n<li data-start=\"2067\" data-end=\"2104\">\n<p data-start=\"2069\" data-end=\"2104\">Standort- oder Logistikfl\u00e4chen<\/p>\n<\/li>\n<\/ul>\n<\/li>\n<li data-start=\"2105\" data-end=\"2160\">\n<p data-start=\"2107\" data-end=\"2160\">Stapelbar bis zu <strong data-start=\"2125\" data-end=\"2138\">3 Ebenen<\/strong> (Geb\u00fchren sind zu beachten)<\/p>\n<\/li>\n<\/ul>\n","protected":false},"excerpt":{"rendered":"<p>Dieser Lagercontainer ist eine praktische und kosteng\u00fcnstige L\u00f6sung f\u00fcr die vor\u00fcbergehende Lagerung und den Transport von Materialien und Ger\u00e4ten<\/p>\n<p>Es ist f\u00fcr eine Vielzahl unterschiedlicher Verwendungszwecke konzipiert und kann im Innen- und Au\u00dfenbereich aufgestellt werden. Dieser Lagerbeh\u00e4ltertyp kann sowohl f\u00fcr die kurzfristige als auch f\u00fcr die langfristige Lagerung verwendet werden.<\/p>\n","protected":false},"featured_media":16231,"comment_status":"open","ping_status":"closed","template":"","meta":[],"product_brand":[],"product_cat":[350,347],"product_tag":[],"class_list":{"0":"post-14293","1":"product","2":"type-product","3":"status-publish","4":"has-post-thumbnail","6":"product_cat-spezifischer-speicher","7":"product_cat-unsere-container","9":"first","10":"instock","11":"sale","12":"shipping-taxable","13":"purchasable","14":"product-type-simple"},"yoast_head":"<!-- This site is optimized with the Yoast SEO plugin v27.5 - https:\/\/yoast.com\/product\/yoast-seo-wordpress\/ -->\n<title>20-Fu\u00df-Lagercontainer mit sektionaler Garagentor\u00f6ffnung<\/title>\n<meta name=\"description\" content=\"Dieser Lagercontainer ist eine praktische und kosteng\u00fcnstige L\u00f6sung f\u00fcr die vor\u00fcbergehende Lagerung und den Transport von Materialien und Ger\u00e4ten. Es ist f\u00fcr eine Vielzahl unterschiedlicher Verwendungszwecke konzipiert und kann im Innen- und Au\u00dfenbereich aufgestellt werden. Dieser Lagerbeh\u00e4ltertyp kann sowohl f\u00fcr die kurzfristige als auch f\u00fcr die langfristige Lagerung verwendet werden.\" \/>\n<meta name=\"robots\" content=\"index, follow, max-snippet:-1, max-image-preview:large, max-video-preview:-1\" \/>\n<link rel=\"canonical\" href=\"https:\/\/sagrinex.com\/produit\/container-de-stockage-de-20-pieds-avec-ouverture-porte-garage-sectionnelle\/\" \/>\n<meta property=\"og:locale\" content=\"de_DE\" \/>\n<meta property=\"og:type\" content=\"article\" \/>\n<meta property=\"og:title\" content=\"20-Fu\u00df-Lagercontainer mit sektionaler Garagentor\u00f6ffnung\" \/>\n<meta property=\"og:description\" content=\"Dieser Lagercontainer ist eine praktische und kosteng\u00fcnstige L\u00f6sung f\u00fcr die vor\u00fcbergehende Lagerung und den Transport von Materialien und Ger\u00e4ten. Es ist f\u00fcr eine Vielzahl unterschiedlicher Verwendungszwecke konzipiert und kann im Innen- und Au\u00dfenbereich aufgestellt werden. Dieser Lagerbeh\u00e4ltertyp kann sowohl f\u00fcr die kurzfristige als auch f\u00fcr die langfristige Lagerung verwendet werden.\" \/>\n<meta property=\"og:url\" content=\"https:\/\/sagrinex.com\/produit\/container-de-stockage-de-20-pieds-avec-ouverture-porte-garage-sectionnelle\/\" \/>\n<meta property=\"og:site_name\" content=\"Sagrinex \u2013 Anhaenger, Container &amp; Landtechnik \ud83c\udf3e\ud83d\ude9c\" \/>\n<meta property=\"article:modified_time\" content=\"2026-04-15T21:12:17+00:00\" \/>\n<meta property=\"og:image\" content=\"https:\/\/sagrinex.com\/wp-content\/uploads\/2026\/03\/Image-170-2.jpeg\" \/>\n\t<meta property=\"og:image:width\" content=\"1536\" \/>\n\t<meta property=\"og:image:height\" content=\"1024\" \/>\n\t<meta property=\"og:image:type\" content=\"image\/jpeg\" \/>\n<meta name=\"twitter:card\" content=\"summary_large_image\" \/>\n<meta name=\"twitter:label1\" content=\"Gesch\u00e4tzte Lesezeit\" \/>\n\t<meta name=\"twitter:data1\" content=\"1\u00a0Minute\" \/>\n<script type=\"application\/ld+json\" class=\"yoast-schema-graph\">{\"@context\":\"https:\\\/\\\/schema.org\",\"@graph\":[{\"@type\":\"WebPage\",\"@id\":\"https:\\\/\\\/sagrinex.com\\\/produit\\\/container-de-stockage-de-20-pieds-avec-ouverture-porte-garage-sectionnelle\\\/\",\"url\":\"https:\\\/\\\/sagrinex.com\\\/produit\\\/container-de-stockage-de-20-pieds-avec-ouverture-porte-garage-sectionnelle\\\/\",\"name\":\"20-Fu\u00df-Lagercontainer mit sektionaler Garagentor\u00f6ffnung\",\"isPartOf\":{\"@id\":\"https:\\\/\\\/sagrinex.com\\\/#website\"},\"primaryImageOfPage\":{\"@id\":\"https:\\\/\\\/sagrinex.com\\\/produit\\\/container-de-stockage-de-20-pieds-avec-ouverture-porte-garage-sectionnelle\\\/#primaryimage\"},\"image\":{\"@id\":\"https:\\\/\\\/sagrinex.com\\\/produit\\\/container-de-stockage-de-20-pieds-avec-ouverture-porte-garage-sectionnelle\\\/#primaryimage\"},\"thumbnailUrl\":\"https:\\\/\\\/sagrinex.com\\\/wp-content\\\/uploads\\\/2026\\\/03\\\/Image-170-2.jpeg\",\"datePublished\":\"2026-03-15T19:14:23+00:00\",\"dateModified\":\"2026-04-15T21:12:17+00:00\",\"description\":\"Dieser Lagercontainer ist eine praktische und kosteng\u00fcnstige L\u00f6sung f\u00fcr die vor\u00fcbergehende Lagerung und den Transport von Materialien und Ger\u00e4ten. Es ist f\u00fcr eine Vielzahl unterschiedlicher Verwendungszwecke konzipiert und kann im Innen- und Au\u00dfenbereich aufgestellt werden. Dieser Lagerbeh\u00e4ltertyp kann sowohl f\u00fcr die kurzfristige als auch f\u00fcr die langfristige Lagerung verwendet werden.\",\"breadcrumb\":{\"@id\":\"https:\\\/\\\/sagrinex.com\\\/produit\\\/container-de-stockage-de-20-pieds-avec-ouverture-porte-garage-sectionnelle\\\/#breadcrumb\"},\"inLanguage\":\"de\",\"potentialAction\":[{\"@type\":\"ReadAction\",\"target\":[\"https:\\\/\\\/sagrinex.com\\\/produit\\\/container-de-stockage-de-20-pieds-avec-ouverture-porte-garage-sectionnelle\\\/\"]}]},{\"@type\":\"ImageObject\",\"inLanguage\":\"de\",\"@id\":\"https:\\\/\\\/sagrinex.com\\\/produit\\\/container-de-stockage-de-20-pieds-avec-ouverture-porte-garage-sectionnelle\\\/#primaryimage\",\"url\":\"https:\\\/\\\/sagrinex.com\\\/wp-content\\\/uploads\\\/2026\\\/03\\\/Image-170-2.jpeg\",\"contentUrl\":\"https:\\\/\\\/sagrinex.com\\\/wp-content\\\/uploads\\\/2026\\\/03\\\/Image-170-2.jpeg\",\"width\":1536,\"height\":1024},{\"@type\":\"BreadcrumbList\",\"@id\":\"https:\\\/\\\/sagrinex.com\\\/produit\\\/container-de-stockage-de-20-pieds-avec-ouverture-porte-garage-sectionnelle\\\/#breadcrumb\",\"itemListElement\":[{\"@type\":\"ListItem\",\"position\":1,\"name\":\"Accueil\",\"item\":\"https:\\\/\\\/sagrinex.com\\\/?lang=de\"},{\"@type\":\"ListItem\",\"position\":2,\"name\":\"Shop\",\"item\":\"https:\\\/\\\/sagrinex.com\\\/shop\\\/\"},{\"@type\":\"ListItem\",\"position\":3,\"name\":\"20-fu\u00df-lagercontainer mit Sektionaler Garagentor\u00f6ffnung\"}]},{\"@type\":\"WebSite\",\"@id\":\"https:\\\/\\\/sagrinex.com\\\/#website\",\"url\":\"https:\\\/\\\/sagrinex.com\\\/\",\"name\":\"Sagrinex \u2013 Spezialist f\u00fcr Anh\u00e4nger, Container & Landtechnik\",\"description\":\"Anhaenger, Container &amp; Landtechnik \u2014 Online-Verkauf &amp; kostenloses Angebot\",\"publisher\":{\"@id\":\"https:\\\/\\\/sagrinex.com\\\/#organization\"},\"potentialAction\":[{\"@type\":\"SearchAction\",\"target\":{\"@type\":\"EntryPoint\",\"urlTemplate\":\"https:\\\/\\\/sagrinex.com\\\/?s={search_term_string}\"},\"query-input\":{\"@type\":\"PropertyValueSpecification\",\"valueRequired\":true,\"valueName\":\"search_term_string\"}}],\"inLanguage\":\"de\"},{\"@type\":\"Organization\",\"@id\":\"https:\\\/\\\/sagrinex.com\\\/#organization\",\"name\":\"Sagrinex \u2013 Remorques, Conteneurs & Mat\u00e9riel Agricole\",\"url\":\"https:\\\/\\\/sagrinex.com\\\/\",\"logo\":{\"@type\":\"ImageObject\",\"inLanguage\":\"de\",\"@id\":\"https:\\\/\\\/sagrinex.com\\\/#\\\/schema\\\/logo\\\/image\\\/\",\"url\":\"https:\\\/\\\/sagrinex.com\\\/wp-content\\\/uploads\\\/2026\\\/03\\\/7f1ac463-ef5a-425d-bdd6-a5da03a334a9-1024x683.png\",\"contentUrl\":\"https:\\\/\\\/sagrinex.com\\\/wp-content\\\/uploads\\\/2026\\\/03\\\/7f1ac463-ef5a-425d-bdd6-a5da03a334a9-1024x683.png\",\"width\":1024,\"height\":683,\"caption\":\"Sagrinex \u2013 Remorques, Conteneurs & Mat\u00e9riel Agricole\"},\"image\":{\"@id\":\"https:\\\/\\\/sagrinex.com\\\/#\\\/schema\\\/logo\\\/image\\\/\"}}]}<\/script>\n<!-- \/ Yoast SEO plugin. -->","yoast_head_json":{"title":"20-Fu\u00df-Lagercontainer mit sektionaler Garagentor\u00f6ffnung","description":"Dieser Lagercontainer ist eine praktische und kosteng\u00fcnstige L\u00f6sung f\u00fcr die vor\u00fcbergehende Lagerung und den Transport von Materialien und Ger\u00e4ten. Es ist f\u00fcr eine Vielzahl unterschiedlicher Verwendungszwecke konzipiert und kann im Innen- und Au\u00dfenbereich aufgestellt werden. Dieser Lagerbeh\u00e4ltertyp kann sowohl f\u00fcr die kurzfristige als auch f\u00fcr die langfristige Lagerung verwendet werden.","robots":{"index":"index","follow":"follow","max-snippet":"max-snippet:-1","max-image-preview":"max-image-preview:large","max-video-preview":"max-video-preview:-1"},"canonical":"https:\/\/sagrinex.com\/produit\/container-de-stockage-de-20-pieds-avec-ouverture-porte-garage-sectionnelle\/","og_locale":"de_DE","og_type":"article","og_title":"20-Fu\u00df-Lagercontainer mit sektionaler Garagentor\u00f6ffnung","og_description":"Dieser Lagercontainer ist eine praktische und kosteng\u00fcnstige L\u00f6sung f\u00fcr die vor\u00fcbergehende Lagerung und den Transport von Materialien und Ger\u00e4ten. Es ist f\u00fcr eine Vielzahl unterschiedlicher Verwendungszwecke konzipiert und kann im Innen- und Au\u00dfenbereich aufgestellt werden. Dieser Lagerbeh\u00e4ltertyp kann sowohl f\u00fcr die kurzfristige als auch f\u00fcr die langfristige Lagerung verwendet werden.","og_url":"https:\/\/sagrinex.com\/produit\/container-de-stockage-de-20-pieds-avec-ouverture-porte-garage-sectionnelle\/","og_site_name":"Sagrinex \u2013 Anhaenger, Container &amp; Landtechnik \ud83c\udf3e\ud83d\ude9c","article_modified_time":"2026-04-15T21:12:17+00:00","og_image":[{"width":1536,"height":1024,"url":"https:\/\/sagrinex.com\/wp-content\/uploads\/2026\/03\/Image-170-2.jpeg","type":"image\/jpeg"}],"twitter_card":"summary_large_image","twitter_misc":{"Gesch\u00e4tzte Lesezeit":"1\u00a0Minute"},"schema":{"@context":"https:\/\/schema.org","@graph":[{"@type":"WebPage","@id":"https:\/\/sagrinex.com\/produit\/container-de-stockage-de-20-pieds-avec-ouverture-porte-garage-sectionnelle\/","url":"https:\/\/sagrinex.com\/produit\/container-de-stockage-de-20-pieds-avec-ouverture-porte-garage-sectionnelle\/","name":"20-Fu\u00df-Lagercontainer mit sektionaler Garagentor\u00f6ffnung","isPartOf":{"@id":"https:\/\/sagrinex.com\/#website"},"primaryImageOfPage":{"@id":"https:\/\/sagrinex.com\/produit\/container-de-stockage-de-20-pieds-avec-ouverture-porte-garage-sectionnelle\/#primaryimage"},"image":{"@id":"https:\/\/sagrinex.com\/produit\/container-de-stockage-de-20-pieds-avec-ouverture-porte-garage-sectionnelle\/#primaryimage"},"thumbnailUrl":"https:\/\/sagrinex.com\/wp-content\/uploads\/2026\/03\/Image-170-2.jpeg","datePublished":"2026-03-15T19:14:23+00:00","dateModified":"2026-04-15T21:12:17+00:00","description":"Dieser Lagercontainer ist eine praktische und kosteng\u00fcnstige L\u00f6sung f\u00fcr die vor\u00fcbergehende Lagerung und den Transport von Materialien und Ger\u00e4ten. Es ist f\u00fcr eine Vielzahl unterschiedlicher Verwendungszwecke konzipiert und kann im Innen- und Au\u00dfenbereich aufgestellt werden. Dieser Lagerbeh\u00e4ltertyp kann sowohl f\u00fcr die kurzfristige als auch f\u00fcr die langfristige Lagerung verwendet werden.","breadcrumb":{"@id":"https:\/\/sagrinex.com\/produit\/container-de-stockage-de-20-pieds-avec-ouverture-porte-garage-sectionnelle\/#breadcrumb"},"inLanguage":"de","potentialAction":[{"@type":"ReadAction","target":["https:\/\/sagrinex.com\/produit\/container-de-stockage-de-20-pieds-avec-ouverture-porte-garage-sectionnelle\/"]}]},{"@type":"ImageObject","inLanguage":"de","@id":"https:\/\/sagrinex.com\/produit\/container-de-stockage-de-20-pieds-avec-ouverture-porte-garage-sectionnelle\/#primaryimage","url":"https:\/\/sagrinex.com\/wp-content\/uploads\/2026\/03\/Image-170-2.jpeg","contentUrl":"https:\/\/sagrinex.com\/wp-content\/uploads\/2026\/03\/Image-170-2.jpeg","width":1536,"height":1024},{"@type":"BreadcrumbList","@id":"https:\/\/sagrinex.com\/produit\/container-de-stockage-de-20-pieds-avec-ouverture-porte-garage-sectionnelle\/#breadcrumb","itemListElement":[{"@type":"ListItem","position":1,"name":"Accueil","item":"https:\/\/sagrinex.com\/?lang=de"},{"@type":"ListItem","position":2,"name":"Shop","item":"https:\/\/sagrinex.com\/shop\/"},{"@type":"ListItem","position":3,"name":"20-fu\u00df-lagercontainer mit Sektionaler Garagentor\u00f6ffnung"}]},{"@type":"WebSite","@id":"https:\/\/sagrinex.com\/#website","url":"https:\/\/sagrinex.com\/","name":"Sagrinex \u2013 Spezialist f\u00fcr Anh\u00e4nger, Container & Landtechnik","description":"Anhaenger, Container &amp; Landtechnik \u2014 Online-Verkauf &amp; kostenloses Angebot","publisher":{"@id":"https:\/\/sagrinex.com\/#organization"},"potentialAction":[{"@type":"SearchAction","target":{"@type":"EntryPoint","urlTemplate":"https:\/\/sagrinex.com\/?s={search_term_string}"},"query-input":{"@type":"PropertyValueSpecification","valueRequired":true,"valueName":"search_term_string"}}],"inLanguage":"de"},{"@type":"Organization","@id":"https:\/\/sagrinex.com\/#organization","name":"Sagrinex \u2013 Remorques, Conteneurs & Mat\u00e9riel Agricole","url":"https:\/\/sagrinex.com\/","logo":{"@type":"ImageObject","inLanguage":"de","@id":"https:\/\/sagrinex.com\/#\/schema\/logo\/image\/","url":"https:\/\/sagrinex.com\/wp-content\/uploads\/2026\/03\/7f1ac463-ef5a-425d-bdd6-a5da03a334a9-1024x683.png","contentUrl":"https:\/\/sagrinex.com\/wp-content\/uploads\/2026\/03\/7f1ac463-ef5a-425d-bdd6-a5da03a334a9-1024x683.png","width":1024,"height":683,"caption":"Sagrinex \u2013 Remorques, Conteneurs & Mat\u00e9riel Agricole"},"image":{"@id":"https:\/\/sagrinex.com\/#\/schema\/logo\/image\/"}}]}},"jetpack_sharing_enabled":true,"_links":{"self":[{"href":"https:\/\/sagrinex.com\/de\/wp-json\/wp\/v2\/product\/14293","targetHints":{"allow":["GET"]}}],"collection":[{"href":"https:\/\/sagrinex.com\/de\/wp-json\/wp\/v2\/product"}],"about":[{"href":"https:\/\/sagrinex.com\/de\/wp-json\/wp\/v2\/types\/product"}],"replies":[{"embeddable":true,"href":"https:\/\/sagrinex.com\/de\/wp-json\/wp\/v2\/comments?post=14293"}],"version-history":[{"count":0,"href":"https:\/\/sagrinex.com\/de\/wp-json\/wp\/v2\/product\/14293\/revisions"}],"wp:featuredmedia":[{"embeddable":true,"href":"https:\/\/sagrinex.com\/de\/wp-json\/wp\/v2\/media\/16231"}],"wp:attachment":[{"href":"https:\/\/sagrinex.com\/de\/wp-json\/wp\/v2\/media?parent=14293"}],"wp:term":[{"taxonomy":"product_brand","embeddable":true,"href":"https:\/\/sagrinex.com\/de\/wp-json\/wp\/v2\/product_brand?post=14293"},{"taxonomy":"product_cat","embeddable":true,"href":"https:\/\/sagrinex.com\/de\/wp-json\/wp\/v2\/product_cat?post=14293"},{"taxonomy":"product_tag","embeddable":true,"href":"https:\/\/sagrinex.com\/de\/wp-json\/wp\/v2\/product_tag?post=14293"}],"curies":[{"name":"wp","href":"https:\/\/api.w.org\/{rel}","templated":true}]}}