{"id":17400,"date":"2026-04-15T18:12:12","date_gmt":"2026-04-15T18:12:12","guid":{"rendered":"https:\/\/sagrinex.com\/produit\/stihl-fr-131-t-thermischer-rucksack-freischneider-trimmer\/"},"modified":"2026-04-15T21:12:34","modified_gmt":"2026-04-15T21:12:34","slug":"stihl-fr-131-t-thermischer-rucksack-freischneider-trimmer","status":"publish","type":"product","link":"https:\/\/sagrinex.com\/de\/produit\/stihl-fr-131-t-thermischer-rucksack-freischneider-trimmer\/","title":{"rendered":"Stihl FR 131 T Thermischer Rucksack-freischneider-trimmer"},"content":{"rendered":"<div class=\"show_all\">\n<h2 class=\"m_product-specifications__headline\" data-test-id=\"pdp-specifications\">Technische Eigenschaften<\/h2>\n<table class=\"ce-product-features\">\n<tbody>\n<tr class=\"ce-product-features__row\">\n<th class=\"ce-product-features__label\">Art der Energie<\/th>\n<td class=\"ce-product-features__value\">Thermisch<\/td>\n<\/tr>\n<tr class=\"ce-product-features__row\">\n<th class=\"ce-product-features__label\">Verschiebung<\/th>\n<td class=\"ce-product-features__value\">36,3 cm3<\/td>\n<\/tr>\n<tr class=\"ce-product-features__row\">\n<th class=\"ce-product-features__label\">Macht<\/th>\n<td class=\"ce-product-features__value\">1400 W<\/td>\n<\/tr>\n<tr class=\"ce-product-features__row\">\n<th class=\"ce-product-features__label\">Garantie (einzelner Benutzer)<\/th>\n<td class=\"ce-product-features__value\">2 Jahre<\/td>\n<\/tr>\n<tr class=\"ce-product-features__row\">\n<th class=\"ce-product-features__label\">L\u00e4nge<\/th>\n<td class=\"ce-product-features__value\">280 cm ohne Schneidwerkzeug<\/td>\n<\/tr>\n<tr class=\"ce-product-features__row\">\n<th class=\"ce-product-features__label\">Gewicht<\/th>\n<td class=\"ce-product-features__value\">9,6 kg<\/td>\n<\/tr>\n<tr class=\"ce-product-features__row\">\n<th class=\"ce-product-features__label\">Schallleistungspegel<\/th>\n<td class=\"ce-product-features__value\">97dB<\/td>\n<\/tr>\n<tr class=\"ce-product-features__row\">\n<th class=\"ce-product-features__label\">Schneidwerkzeuge<\/th>\n<td class=\"ce-product-features__value\">Niederwaldmesser 250 mm<\/td>\n<\/tr>\n<tr class=\"ce-product-features__row\">\n<th class=\"ce-product-features__label\">Schnittdurchmesser<\/th>\n<td class=\"ce-product-features__value\">250mm<\/td>\n<\/tr>\n<\/tbody>\n<\/table>\n<\/div>\n","protected":false},"excerpt":{"rendered":"<p>Der Thermo-Rucksack-Freischneider Stihl FR 131 T eignet sich f\u00fcr einen <strong>effizientes M\u00e4hen<\/strong> und ein <strong>gro\u00dfe Bewegungsfreiheit auf den B\u00f6schungen<\/strong>. <strong>Einfacher Transport und Lagerung dank abnehmbarem Rohr<\/strong> (T). KM-Werkzeuge sind mit diesem Modell kompatibel.<\/p>\n<p>Leistungsstarker STIHL 4-MIX\u00ae-Motor<\/p>\n<p>Der runde Griff erleichtert M\u00e4harbeiten auf engstem Raum und an B\u00f6schungen<\/p>\n<p>Weich gepolstertes Tragesystem f\u00fcr den Langzeitgebrauch<\/p>\n<p><strong>Der Rucksack-Freischneider FR 131 T wird geliefert mit:<\/strong><\/p>\n<p>\u2013 1 Unterholzmesser 250 mm<\/p>\n<p>\u2013 1 Schutzh\u00fclle f\u00fcr Metallschneidewerkzeuge (Niederholzmesser)<\/p>\n<p>Kompatibel mit verschiedenen Stihl-Schneidwerkzeugen (Grasmesser, Niederwaldmesser, Kreiss\u00e4ge, M\u00e4hk\u00f6pfe).<\/p>\n","protected":false},"featured_media":10268,"comment_status":"open","ping_status":"closed","template":"","meta":[],"product_brand":[],"product_cat":[326,320],"product_tag":[],"class_list":{"0":"post-17400","1":"product","2":"type-product","3":"status-publish","4":"has-post-thumbnail","6":"product_cat-freischneider","7":"product_cat-unsere-rasenmaher","9":"first","10":"instock","11":"shipping-taxable","12":"purchasable","13":"product-type-simple"},"yoast_head":"<!-- This site is optimized with the Yoast SEO plugin v27.4 - https:\/\/yoast.com\/product\/yoast-seo-wordpress\/ -->\n<title>Stihl FR 131 T Thermischer Rucksack-freischneider-trimmer - Sagrinex \u2013 Anhaenger, Container &amp; Landtechnik \ud83c\udf3e\ud83d\ude9c<\/title>\n<meta name=\"robots\" content=\"index, follow, max-snippet:-1, max-image-preview:large, max-video-preview:-1\" \/>\n<link rel=\"canonical\" href=\"https:\/\/sagrinex.com\/produit\/stihl-fr-131-t-thermischer-rucksack-freischneider-trimmer\/?lang=de\" \/>\n<meta property=\"og:locale\" content=\"de_DE\" \/>\n<meta property=\"og:type\" content=\"article\" \/>\n<meta property=\"og:title\" content=\"Stihl FR 131 T Thermischer Rucksack-freischneider-trimmer - Sagrinex \u2013 Anhaenger, Container &amp; Landtechnik \ud83c\udf3e\ud83d\ude9c\" \/>\n<meta property=\"og:description\" content=\"Der Thermo-Rucksack-Freischneider Stihl FR 131 T eignet sich f\u00fcr einen effizientes M\u00e4hen und ein gro\u00dfe Bewegungsfreiheit auf den B\u00f6schungen. Einfacher Transport und Lagerung dank abnehmbarem Rohr (T). KM-Werkzeuge sind mit diesem Modell kompatibel. Leistungsstarker STIHL 4-MIX\u00ae-Motor Der runde Griff erleichtert M\u00e4harbeiten auf engstem Raum und an B\u00f6schungen Weich gepolstertes Tragesystem f\u00fcr den Langzeitgebrauch Der Rucksack-Freischneider FR 131 T wird geliefert mit: \u2013 1 Unterholzmesser 250 mm \u2013 1 Schutzh\u00fclle f\u00fcr Metallschneidewerkzeuge (Niederholzmesser) Kompatibel mit verschiedenen Stihl-Schneidwerkzeugen (Grasmesser, Niederwaldmesser, Kreiss\u00e4ge, M\u00e4hk\u00f6pfe).\" \/>\n<meta property=\"og:url\" content=\"https:\/\/sagrinex.com\/produit\/stihl-fr-131-t-thermischer-rucksack-freischneider-trimmer\/?lang=de\" \/>\n<meta property=\"og:site_name\" content=\"Sagrinex \u2013 Anhaenger, Container &amp; Landtechnik \ud83c\udf3e\ud83d\ude9c\" \/>\n<meta property=\"article:modified_time\" content=\"2026-04-15T21:12:34+00:00\" \/>\n<meta property=\"og:image\" content=\"https:\/\/sagrinex.com\/wp-content\/uploads\/2026\/03\/Image-417.jpeg\" \/>\n\t<meta property=\"og:image:width\" content=\"1065\" \/>\n\t<meta property=\"og:image:height\" content=\"710\" \/>\n\t<meta property=\"og:image:type\" content=\"image\/jpeg\" \/>\n<meta name=\"twitter:card\" content=\"summary_large_image\" \/>\n<script type=\"application\/ld+json\" class=\"yoast-schema-graph\">{\"@context\":\"https:\\\/\\\/schema.org\",\"@graph\":[{\"@type\":\"WebPage\",\"@id\":\"https:\\\/\\\/sagrinex.com\\\/produit\\\/stihl-fr-131-t-thermischer-rucksack-freischneider-trimmer\\\/?lang=de\",\"url\":\"https:\\\/\\\/sagrinex.com\\\/produit\\\/stihl-fr-131-t-thermischer-rucksack-freischneider-trimmer\\\/?lang=de\",\"name\":\"Stihl FR 131 T Thermischer Rucksack-freischneider-trimmer - Sagrinex \u2013 Anhaenger, Container &amp; Landtechnik \ud83c\udf3e\ud83d\ude9c\",\"isPartOf\":{\"@id\":\"https:\\\/\\\/sagrinex.com\\\/#website\"},\"primaryImageOfPage\":{\"@id\":\"https:\\\/\\\/sagrinex.com\\\/produit\\\/stihl-fr-131-t-thermischer-rucksack-freischneider-trimmer\\\/?lang=de#primaryimage\"},\"image\":{\"@id\":\"https:\\\/\\\/sagrinex.com\\\/produit\\\/stihl-fr-131-t-thermischer-rucksack-freischneider-trimmer\\\/?lang=de#primaryimage\"},\"thumbnailUrl\":\"https:\\\/\\\/sagrinex.com\\\/wp-content\\\/uploads\\\/2026\\\/03\\\/Image-417.jpeg\",\"datePublished\":\"2026-04-15T18:12:12+00:00\",\"dateModified\":\"2026-04-15T21:12:34+00:00\",\"breadcrumb\":{\"@id\":\"https:\\\/\\\/sagrinex.com\\\/produit\\\/stihl-fr-131-t-thermischer-rucksack-freischneider-trimmer\\\/?lang=de#breadcrumb\"},\"inLanguage\":\"de\",\"potentialAction\":[{\"@type\":\"ReadAction\",\"target\":[\"https:\\\/\\\/sagrinex.com\\\/produit\\\/stihl-fr-131-t-thermischer-rucksack-freischneider-trimmer\\\/?lang=de\"]}]},{\"@type\":\"ImageObject\",\"inLanguage\":\"de\",\"@id\":\"https:\\\/\\\/sagrinex.com\\\/produit\\\/stihl-fr-131-t-thermischer-rucksack-freischneider-trimmer\\\/?lang=de#primaryimage\",\"url\":\"https:\\\/\\\/sagrinex.com\\\/wp-content\\\/uploads\\\/2026\\\/03\\\/Image-417.jpeg\",\"contentUrl\":\"https:\\\/\\\/sagrinex.com\\\/wp-content\\\/uploads\\\/2026\\\/03\\\/Image-417.jpeg\",\"width\":1065,\"height\":710},{\"@type\":\"BreadcrumbList\",\"@id\":\"https:\\\/\\\/sagrinex.com\\\/produit\\\/stihl-fr-131-t-thermischer-rucksack-freischneider-trimmer\\\/?lang=de#breadcrumb\",\"itemListElement\":[{\"@type\":\"ListItem\",\"position\":1,\"name\":\"Accueil\",\"item\":\"https:\\\/\\\/sagrinex.com\\\/?lang=de\"},{\"@type\":\"ListItem\",\"position\":2,\"name\":\"Shop\",\"item\":\"https:\\\/\\\/sagrinex.com\\\/shop\\\/\"},{\"@type\":\"ListItem\",\"position\":3,\"name\":\"Stihl FR 131 T Thermischer Rucksack-freischneider-trimmer\"}]},{\"@type\":\"WebSite\",\"@id\":\"https:\\\/\\\/sagrinex.com\\\/#website\",\"url\":\"https:\\\/\\\/sagrinex.com\\\/\",\"name\":\"Sagrinex \u2013 Spezialist f\u00fcr Anh\u00e4nger, Container & Landtechnik\",\"description\":\"Anhaenger, Container &amp; Landtechnik \u2014 Online-Verkauf &amp; kostenloses Angebot\",\"publisher\":{\"@id\":\"https:\\\/\\\/sagrinex.com\\\/#organization\"},\"potentialAction\":[{\"@type\":\"SearchAction\",\"target\":{\"@type\":\"EntryPoint\",\"urlTemplate\":\"https:\\\/\\\/sagrinex.com\\\/?s={search_term_string}\"},\"query-input\":{\"@type\":\"PropertyValueSpecification\",\"valueRequired\":true,\"valueName\":\"search_term_string\"}}],\"inLanguage\":\"de\"},{\"@type\":\"Organization\",\"@id\":\"https:\\\/\\\/sagrinex.com\\\/#organization\",\"name\":\"Sagrinex \u2013 Remorques, Conteneurs & Mat\u00e9riel Agricole\",\"url\":\"https:\\\/\\\/sagrinex.com\\\/\",\"logo\":{\"@type\":\"ImageObject\",\"inLanguage\":\"de\",\"@id\":\"https:\\\/\\\/sagrinex.com\\\/#\\\/schema\\\/logo\\\/image\\\/\",\"url\":\"https:\\\/\\\/sagrinex.com\\\/wp-content\\\/uploads\\\/2026\\\/03\\\/7f1ac463-ef5a-425d-bdd6-a5da03a334a9-1024x683.png\",\"contentUrl\":\"https:\\\/\\\/sagrinex.com\\\/wp-content\\\/uploads\\\/2026\\\/03\\\/7f1ac463-ef5a-425d-bdd6-a5da03a334a9-1024x683.png\",\"width\":1024,\"height\":683,\"caption\":\"Sagrinex \u2013 Remorques, Conteneurs & Mat\u00e9riel Agricole\"},\"image\":{\"@id\":\"https:\\\/\\\/sagrinex.com\\\/#\\\/schema\\\/logo\\\/image\\\/\"}}]}<\/script>\n<!-- \/ Yoast SEO plugin. -->","yoast_head_json":{"title":"Stihl FR 131 T Thermischer Rucksack-freischneider-trimmer - Sagrinex \u2013 Anhaenger, Container &amp; Landtechnik \ud83c\udf3e\ud83d\ude9c","robots":{"index":"index","follow":"follow","max-snippet":"max-snippet:-1","max-image-preview":"max-image-preview:large","max-video-preview":"max-video-preview:-1"},"canonical":"https:\/\/sagrinex.com\/produit\/stihl-fr-131-t-thermischer-rucksack-freischneider-trimmer\/?lang=de","og_locale":"de_DE","og_type":"article","og_title":"Stihl FR 131 T Thermischer Rucksack-freischneider-trimmer - Sagrinex \u2013 Anhaenger, Container &amp; Landtechnik \ud83c\udf3e\ud83d\ude9c","og_description":"Der Thermo-Rucksack-Freischneider Stihl FR 131 T eignet sich f\u00fcr einen effizientes M\u00e4hen und ein gro\u00dfe Bewegungsfreiheit auf den B\u00f6schungen. Einfacher Transport und Lagerung dank abnehmbarem Rohr (T). KM-Werkzeuge sind mit diesem Modell kompatibel. Leistungsstarker STIHL 4-MIX\u00ae-Motor Der runde Griff erleichtert M\u00e4harbeiten auf engstem Raum und an B\u00f6schungen Weich gepolstertes Tragesystem f\u00fcr den Langzeitgebrauch Der Rucksack-Freischneider FR 131 T wird geliefert mit: \u2013 1 Unterholzmesser 250 mm \u2013 1 Schutzh\u00fclle f\u00fcr Metallschneidewerkzeuge (Niederholzmesser) Kompatibel mit verschiedenen Stihl-Schneidwerkzeugen (Grasmesser, Niederwaldmesser, Kreiss\u00e4ge, M\u00e4hk\u00f6pfe).","og_url":"https:\/\/sagrinex.com\/produit\/stihl-fr-131-t-thermischer-rucksack-freischneider-trimmer\/?lang=de","og_site_name":"Sagrinex \u2013 Anhaenger, Container &amp; Landtechnik \ud83c\udf3e\ud83d\ude9c","article_modified_time":"2026-04-15T21:12:34+00:00","og_image":[{"width":1065,"height":710,"url":"https:\/\/sagrinex.com\/wp-content\/uploads\/2026\/03\/Image-417.jpeg","type":"image\/jpeg"}],"twitter_card":"summary_large_image","schema":{"@context":"https:\/\/schema.org","@graph":[{"@type":"WebPage","@id":"https:\/\/sagrinex.com\/produit\/stihl-fr-131-t-thermischer-rucksack-freischneider-trimmer\/?lang=de","url":"https:\/\/sagrinex.com\/produit\/stihl-fr-131-t-thermischer-rucksack-freischneider-trimmer\/?lang=de","name":"Stihl FR 131 T Thermischer Rucksack-freischneider-trimmer - Sagrinex \u2013 Anhaenger, Container &amp; Landtechnik \ud83c\udf3e\ud83d\ude9c","isPartOf":{"@id":"https:\/\/sagrinex.com\/#website"},"primaryImageOfPage":{"@id":"https:\/\/sagrinex.com\/produit\/stihl-fr-131-t-thermischer-rucksack-freischneider-trimmer\/?lang=de#primaryimage"},"image":{"@id":"https:\/\/sagrinex.com\/produit\/stihl-fr-131-t-thermischer-rucksack-freischneider-trimmer\/?lang=de#primaryimage"},"thumbnailUrl":"https:\/\/sagrinex.com\/wp-content\/uploads\/2026\/03\/Image-417.jpeg","datePublished":"2026-04-15T18:12:12+00:00","dateModified":"2026-04-15T21:12:34+00:00","breadcrumb":{"@id":"https:\/\/sagrinex.com\/produit\/stihl-fr-131-t-thermischer-rucksack-freischneider-trimmer\/?lang=de#breadcrumb"},"inLanguage":"de","potentialAction":[{"@type":"ReadAction","target":["https:\/\/sagrinex.com\/produit\/stihl-fr-131-t-thermischer-rucksack-freischneider-trimmer\/?lang=de"]}]},{"@type":"ImageObject","inLanguage":"de","@id":"https:\/\/sagrinex.com\/produit\/stihl-fr-131-t-thermischer-rucksack-freischneider-trimmer\/?lang=de#primaryimage","url":"https:\/\/sagrinex.com\/wp-content\/uploads\/2026\/03\/Image-417.jpeg","contentUrl":"https:\/\/sagrinex.com\/wp-content\/uploads\/2026\/03\/Image-417.jpeg","width":1065,"height":710},{"@type":"BreadcrumbList","@id":"https:\/\/sagrinex.com\/produit\/stihl-fr-131-t-thermischer-rucksack-freischneider-trimmer\/?lang=de#breadcrumb","itemListElement":[{"@type":"ListItem","position":1,"name":"Accueil","item":"https:\/\/sagrinex.com\/?lang=de"},{"@type":"ListItem","position":2,"name":"Shop","item":"https:\/\/sagrinex.com\/shop\/"},{"@type":"ListItem","position":3,"name":"Stihl FR 131 T Thermischer Rucksack-freischneider-trimmer"}]},{"@type":"WebSite","@id":"https:\/\/sagrinex.com\/#website","url":"https:\/\/sagrinex.com\/","name":"Sagrinex \u2013 Spezialist f\u00fcr Anh\u00e4nger, Container & Landtechnik","description":"Anhaenger, Container &amp; Landtechnik \u2014 Online-Verkauf &amp; kostenloses Angebot","publisher":{"@id":"https:\/\/sagrinex.com\/#organization"},"potentialAction":[{"@type":"SearchAction","target":{"@type":"EntryPoint","urlTemplate":"https:\/\/sagrinex.com\/?s={search_term_string}"},"query-input":{"@type":"PropertyValueSpecification","valueRequired":true,"valueName":"search_term_string"}}],"inLanguage":"de"},{"@type":"Organization","@id":"https:\/\/sagrinex.com\/#organization","name":"Sagrinex \u2013 Remorques, Conteneurs & Mat\u00e9riel Agricole","url":"https:\/\/sagrinex.com\/","logo":{"@type":"ImageObject","inLanguage":"de","@id":"https:\/\/sagrinex.com\/#\/schema\/logo\/image\/","url":"https:\/\/sagrinex.com\/wp-content\/uploads\/2026\/03\/7f1ac463-ef5a-425d-bdd6-a5da03a334a9-1024x683.png","contentUrl":"https:\/\/sagrinex.com\/wp-content\/uploads\/2026\/03\/7f1ac463-ef5a-425d-bdd6-a5da03a334a9-1024x683.png","width":1024,"height":683,"caption":"Sagrinex \u2013 Remorques, Conteneurs & Mat\u00e9riel Agricole"},"image":{"@id":"https:\/\/sagrinex.com\/#\/schema\/logo\/image\/"}}]}},"jetpack_sharing_enabled":true,"_links":{"self":[{"href":"https:\/\/sagrinex.com\/de\/wp-json\/wp\/v2\/product\/17400","targetHints":{"allow":["GET"]}}],"collection":[{"href":"https:\/\/sagrinex.com\/de\/wp-json\/wp\/v2\/product"}],"about":[{"href":"https:\/\/sagrinex.com\/de\/wp-json\/wp\/v2\/types\/product"}],"replies":[{"embeddable":true,"href":"https:\/\/sagrinex.com\/de\/wp-json\/wp\/v2\/comments?post=17400"}],"version-history":[{"count":0,"href":"https:\/\/sagrinex.com\/de\/wp-json\/wp\/v2\/product\/17400\/revisions"}],"wp:featuredmedia":[{"embeddable":true,"href":"https:\/\/sagrinex.com\/de\/wp-json\/wp\/v2\/media\/10268"}],"wp:attachment":[{"href":"https:\/\/sagrinex.com\/de\/wp-json\/wp\/v2\/media?parent=17400"}],"wp:term":[{"taxonomy":"product_brand","embeddable":true,"href":"https:\/\/sagrinex.com\/de\/wp-json\/wp\/v2\/product_brand?post=17400"},{"taxonomy":"product_cat","embeddable":true,"href":"https:\/\/sagrinex.com\/de\/wp-json\/wp\/v2\/product_cat?post=17400"},{"taxonomy":"product_tag","embeddable":true,"href":"https:\/\/sagrinex.com\/de\/wp-json\/wp\/v2\/product_tag?post=17400"}],"curies":[{"name":"wp","href":"https:\/\/api.w.org\/{rel}","templated":true}]}}